{"id":3094,"date":"2025-12-27T15:11:09","date_gmt":"2025-12-27T13:11:09","guid":{"rendered":"https:\/\/pro-cut.pl\/?post_type=product&#038;p=3094"},"modified":"2026-05-02T08:52:01","modified_gmt":"2026-05-02T06:52:01","slug":"coupeur-de-laine-minerale-professionnel-pir-et-pur-a-2-lames-minova-pro-w03","status":"publish","type":"product","link":"https:\/\/pro-cut.pl\/fr\/product-2\/coupeur-de-laine-minerale-professionnel-pir-et-pur-a-2-lames-minova-pro-w03\/","title":{"rendered":"Coupeur professionnel pour laine min\u00e9rale PIR et PUR 2 lames MINOVA PRO W03"},"content":{"rendered":"<div data-elementor-type=\"wp-post\" data-elementor-id=\"3094\" class=\"elementor elementor-3094\" data-elementor-post-type=\"product\">\n\t\t\t\t<div class=\"wd-negative-gap elementor-element elementor-element-a5e64a2 e-flex e-con-boxed e-con e-parent\" data-id=\"a5e64a2\" data-element_type=\"container\" data-e-type=\"container\">\n\t\t\t\t\t<div class=\"e-con-inner\">\n\t\t\t\t<div class=\"elementor-element elementor-element-2586a3d elementor-widget elementor-widget-wd_image_or_svg\" data-id=\"2586a3d\" data-element_type=\"widget\" data-e-type=\"widget\" data-widget_type=\"wd_image_or_svg.default\">\n\t\t\t\t<div class=\"elementor-widget-container\">\n\t\t\t\t\t\n\t\t<div class=\"wd-image text-left\">\n\t\t\t\t\t\t\t\t<img fetchpriority=\"high\" decoding=\"async\" width=\"1200\" height=\"492\" src=\"https:\/\/pro-cut.pl\/wp-content\/uploads\/2025\/12\/Baner-poziom-1200.jpg\" class=\"attachment-full size-full\" alt=\"\" srcset=\"https:\/\/pro-cut.pl\/wp-content\/uploads\/2025\/12\/Baner-poziom-1200.jpg 1200w, https:\/\/pro-cut.pl\/wp-content\/uploads\/2025\/12\/Baner-poziom-1200-300x123.jpg 300w, https:\/\/pro-cut.pl\/wp-content\/uploads\/2025\/12\/Baner-poziom-1200-1024x420.jpg 1024w, https:\/\/pro-cut.pl\/wp-content\/uploads\/2025\/12\/Baner-poziom-1200-768x315.jpg 768w, https:\/\/pro-cut.pl\/wp-content\/uploads\/2025\/12\/Baner-poziom-1200-18x7.jpg 18w, https:\/\/pro-cut.pl\/wp-content\/uploads\/2025\/12\/Baner-poziom-1200-150x62.jpg 150w\" sizes=\"(max-width: 1200px) 100vw, 1200px\" title=\"\">\t\t\t\t\t<\/div>\n\n\t\t\t\t\t\t<\/div>\n\t\t\t\t<\/div>\n\t\t\t\t\t<\/div>\n\t\t\t\t<\/div>\n\t\t<div class=\"wd-negative-gap elementor-element elementor-element-b82c840 e-flex e-con-boxed e-con e-parent\" data-id=\"b82c840\" data-element_type=\"container\" data-e-type=\"container\">\n\t\t\t\t\t<div class=\"e-con-inner\">\n\t\t\t\t<div class=\"elementor-element elementor-element-46ec33f elementor-widget elementor-widget-heading\" data-id=\"46ec33f\" data-element_type=\"widget\" data-e-type=\"widget\" data-widget_type=\"heading.default\">\n\t\t\t\t<div class=\"elementor-widget-container\">\n\t\t\t\t\t<h3 class=\"elementor-heading-title elementor-size-default\">MINOVA PRO W03 couteau \u00e0 laine professionnel<\/h3>\t\t\t\t<\/div>\n\t\t\t\t<\/div>\n\t\t\t\t<div class=\"elementor-element elementor-element-44bf66e elementor-widget elementor-widget-wd_text_block\" data-id=\"44bf66e\" data-element_type=\"widget\" data-e-type=\"widget\" data-widget_type=\"wd_text_block.default\">\n\t\t\t\t<div class=\"elementor-widget-container\">\n\t\t\t\t\t\t\t<div class=\"wd-text-block reset-last-child text-left\">\n\t\t\t\n\t\t\t<p>Introduction <strong data-start=\"252\" data-end=\"296\">MINOVA PRO W03 couteau \u00e0 laine professionnel<\/strong>\u00a0- outil aliment\u00e9 par batterie con\u00e7u pour les \u00e9quipes d'isolation et les installateurs qui veulent <strong data-start=\"385\" data-end=\"430\">coupe rapide, r\u00e9guli\u00e8re et reproductible<\/strong> laine min\u00e9rale et isolation PIR\/PUR. Gr\u00e2ce \u00e0 <strong data-start=\"478\" data-end=\"499\">doubles lames<\/strong>, <strong data-start=\"501\" data-end=\"530\">moteur sans balais<\/strong> et l'alimentation \u00e9lectrique <strong data-start=\"543\" data-end=\"550\">18V<\/strong>, La MINOVA PRO 003B est parfaite pour les chantiers o\u00f9 la vitesse et le contr\u00f4le sont essentiels.<\/p><div id=\"simple-translate\" class=\"simple-translate-system-theme\"><div><div class=\"simple-translate-button isShow\" style=\"background-image: url('moz-extension:\/\/f6d3e1ae-e0ad-4cec-b66f-30252c6a0408\/icons\/512.png'); height: 22px; width: 22px; top: 111px; left: 61px;\">\u00a0<\/div><div class=\"simple-translate-panel\" style=\"width: 300px; height: 200px; top: 0px; left: 0px; font-size: 13px;\"><div class=\"simple-translate-result-wrapper\" style=\"overflow: hidden;\"><div class=\"simple-translate-move\" draggable=\"true\">\u00a0<\/div><div class=\"simple-translate-result-contents\"><p class=\"simple-translate-result\" dir=\"auto\">\u00a0<\/p><p class=\"simple-translate-candidate\" dir=\"auto\">\u00a0<\/p><\/div><\/div><\/div><\/div><\/div>\n\t\t\t\t\t<\/div>\n\t\t\t\t\t\t<\/div>\n\t\t\t\t<\/div>\n\t\t\t\t\t<\/div>\n\t\t\t\t<\/div>\n\t\t<div class=\"elementor-element elementor-element-ea45ccb e-flex e-con-boxed e-con e-parent\" data-id=\"ea45ccb\" data-element_type=\"container\" data-e-type=\"container\">\n\t\t\t\t\t<div class=\"e-con-inner\">\n\t\t<div class=\"elementor-element elementor-element-0f3f125 e-con-full e-flex e-con e-child\" data-id=\"0f3f125\" data-element_type=\"container\" data-e-type=\"container\">\n\t\t\t\t<div class=\"elementor-element elementor-element-b16a5d1 elementor-widget elementor-widget-heading\" data-id=\"b16a5d1\" data-element_type=\"widget\" data-e-type=\"widget\" data-widget_type=\"heading.default\">\n\t\t\t\t<div class=\"elementor-widget-container\">\n\t\t\t\t\t<h3 class=\"elementor-heading-title elementor-size-default\">\u2705 Ce qui peut \u00eatre coup\u00e9 - coupe-laine \/ coupe-laine min\u00e9rale \/ coupe-mousse PUR<\/h3>\t\t\t\t<\/div>\n\t\t\t\t<\/div>\n\t\t\t\t<div class=\"elementor-element elementor-element-ef125c5 elementor-widget elementor-widget-wd_text_block\" data-id=\"ef125c5\" data-element_type=\"widget\" data-e-type=\"widget\" data-widget_type=\"wd_text_block.default\">\n\t\t\t\t<div class=\"elementor-widget-container\">\n\t\t\t\t\t\t\t<div class=\"wd-text-block reset-last-child text-left\">\n\t\t\t\n\t\t\t<p>Le couteau MINOVA PRO 003W s'adapte \u00e0 une large gamme de mat\u00e9riaux d'isolation :<\/p><ul><li><strong>laine min\u00e9rale (verre et roche)<\/strong><\/li><li><strong>Mousses PIR et PUR<\/strong><\/li><li><strong>mousses isolantes et calorifuges<\/strong><\/li><li><strong>panneaux en fibre de bois<\/strong><\/li><li><strong>panneaux en mousse de verre et en fibres naturelles<\/strong><\/li><li>panneaux d'isolation acoustique et thermique de diff\u00e9rentes densit\u00e9s<\/li><\/ul><p>Il s'agit d'un outil polyvalent pour couper les mat\u00e9riaux thermiques et acoustiques utilis\u00e9s dans l'isolation, les constructions et les installations.<\/p>\n\t\t\t\t\t<\/div>\n\t\t\t\t\t\t<\/div>\n\t\t\t\t<\/div>\n\t\t\t\t<\/div>\n\t\t<div class=\"elementor-element elementor-element-f4f7c1e e-con-full e-flex e-con e-child\" data-id=\"f4f7c1e\" data-element_type=\"container\" data-e-type=\"container\">\n\t\t\t\t<div class=\"elementor-element elementor-element-eeeaa80 elementor-widget elementor-widget-wd_image_or_svg\" data-id=\"eeeaa80\" data-element_type=\"widget\" data-e-type=\"widget\" data-widget_type=\"wd_image_or_svg.default\">\n\t\t\t\t<div class=\"elementor-widget-container\">\n\t\t\t\t\t\n\t\t<div class=\"wd-image text-left\">\n\t\t\t\t\t\t\t\t<img decoding=\"async\" width=\"1200\" height=\"825\" src=\"https:\/\/pro-cut.pl\/wp-content\/uploads\/2025\/12\/ciecie-materialy-1200.jpg\" class=\"attachment-full size-full\" alt=\"\" srcset=\"https:\/\/pro-cut.pl\/wp-content\/uploads\/2025\/12\/ciecie-materialy-1200.jpg 1200w, https:\/\/pro-cut.pl\/wp-content\/uploads\/2025\/12\/ciecie-materialy-1200-300x206.jpg 300w, https:\/\/pro-cut.pl\/wp-content\/uploads\/2025\/12\/ciecie-materialy-1200-1024x704.jpg 1024w, https:\/\/pro-cut.pl\/wp-content\/uploads\/2025\/12\/ciecie-materialy-1200-768x528.jpg 768w, https:\/\/pro-cut.pl\/wp-content\/uploads\/2025\/12\/ciecie-materialy-1200-18x12.jpg 18w, https:\/\/pro-cut.pl\/wp-content\/uploads\/2025\/12\/ciecie-materialy-1200-150x103.jpg 150w\" sizes=\"(max-width: 1200px) 100vw, 1200px\" title=\"\">\t\t\t\t\t<\/div>\n\n\t\t\t\t\t\t<\/div>\n\t\t\t\t<\/div>\n\t\t\t\t<\/div>\n\t\t\t\t\t<\/div>\n\t\t\t\t<\/div>\n\t\t<div class=\"elementor-element elementor-element-4235d0c e-flex e-con-boxed e-con e-parent\" data-id=\"4235d0c\" data-element_type=\"container\" data-e-type=\"container\">\n\t\t\t\t\t<div class=\"e-con-inner\">\n\t\t<div class=\"elementor-element elementor-element-8136585 e-con-full e-flex e-con e-child\" data-id=\"8136585\" data-element_type=\"container\" data-e-type=\"container\">\n\t\t\t\t<div class=\"elementor-element elementor-element-35980f1 elementor-widget elementor-widget-heading\" data-id=\"35980f1\" data-element_type=\"widget\" data-e-type=\"widget\" data-widget_type=\"heading.default\">\n\t\t\t\t<div class=\"elementor-widget-container\">\n\t\t\t\t\t<h3 class=\"elementor-heading-title elementor-size-default\">\u2705 Double lame - plus rapide et avec moins de vibrations<\/h3>\t\t\t\t<\/div>\n\t\t\t\t<\/div>\n\t\t\t\t<div class=\"elementor-element elementor-element-8e49209 elementor-widget elementor-widget-wd_text_block\" data-id=\"8e49209\" data-element_type=\"widget\" data-e-type=\"widget\" data-widget_type=\"wd_text_block.default\">\n\t\t\t\t<div class=\"elementor-widget-container\">\n\t\t\t\t\t\t\t<div class=\"wd-text-block reset-last-child text-left\">\n\t\t\t\n\t\t\t<p>MINOVA PRO 003B est \u00e9quip\u00e9 de <strong>syst\u00e8me de lame double face<\/strong> - Ondul\u00e9 et sci\u00e9 - ce qui permet d'adapter au mieux l'outil de coupe \u00e0 la structure du mat\u00e9riau :<\/p><ul><li><strong>lames ondul\u00e9es<\/strong> - Id\u00e9al pour les mat\u00e9riaux souples et fibreux (laine min\u00e9rale, panneaux de fibres). R\u00e9duit la rupture des fibres et am\u00e9liore la qualit\u00e9 de la coupe,<\/li><li><strong>lames de scie<\/strong> - efficace dans les isolants PIR\/PUR plus durs et les mat\u00e9riaux plus compacts, en fournissant <strong>bord net et r\u00e9gulier.<\/strong><\/li><\/ul><p>Ce syst\u00e8me permet d'utiliser un seul outil pour diff\u00e9rentes t\u00e2ches de coupe d'isolant sans avoir \u00e0 changer l'ensemble de la scie.<\/p>\n\t\t\t\t\t<\/div>\n\t\t\t\t\t\t<\/div>\n\t\t\t\t<\/div>\n\t\t\t\t<\/div>\n\t\t<div class=\"elementor-element elementor-element-6f092ec e-con-full e-flex e-con e-child\" data-id=\"6f092ec\" data-element_type=\"container\" data-e-type=\"container\">\n\t\t\t\t<div class=\"elementor-element elementor-element-0579973 elementor-widget elementor-widget-wd_image_or_svg\" data-id=\"0579973\" data-element_type=\"widget\" data-e-type=\"widget\" data-widget_type=\"wd_image_or_svg.default\">\n\t\t\t\t<div class=\"elementor-widget-container\">\n\t\t\t\t\t\n\t\t<div class=\"wd-image text-left\">\n\t\t\t\t\t\t\t\t<img decoding=\"async\" width=\"2000\" height=\"2000\" src=\"https:\/\/pro-cut.pl\/wp-content\/uploads\/2025\/12\/main.jpg\" class=\"attachment-full size-full\" alt=\"\" srcset=\"https:\/\/pro-cut.pl\/wp-content\/uploads\/2025\/12\/main.jpg 2000w, https:\/\/pro-cut.pl\/wp-content\/uploads\/2025\/12\/main-300x300.jpg 300w, https:\/\/pro-cut.pl\/wp-content\/uploads\/2025\/12\/main-1024x1024.jpg 1024w, https:\/\/pro-cut.pl\/wp-content\/uploads\/2025\/12\/main-150x150.jpg 150w, https:\/\/pro-cut.pl\/wp-content\/uploads\/2025\/12\/main-768x768.jpg 768w, https:\/\/pro-cut.pl\/wp-content\/uploads\/2025\/12\/main-1536x1536.jpg 1536w, https:\/\/pro-cut.pl\/wp-content\/uploads\/2025\/12\/main-12x12.jpg 12w, https:\/\/pro-cut.pl\/wp-content\/uploads\/2025\/12\/main-600x600.jpg 600w, https:\/\/pro-cut.pl\/wp-content\/uploads\/2025\/12\/main-1200x1200.jpg 1200w\" sizes=\"(max-width: 2000px) 100vw, 2000px\" title=\"\">\t\t\t\t\t<\/div>\n\n\t\t\t\t\t\t<\/div>\n\t\t\t\t<\/div>\n\t\t\t\t<\/div>\n\t\t\t\t\t<\/div>\n\t\t\t\t<\/div>\n\t\t<div class=\"elementor-element elementor-element-b1b61d5 e-flex e-con-boxed e-con e-parent\" data-id=\"b1b61d5\" data-element_type=\"container\" data-e-type=\"container\">\n\t\t\t\t\t<div class=\"e-con-inner\">\n\t\t<div class=\"elementor-element elementor-element-5c1469b e-con-full e-flex e-con e-child\" data-id=\"5c1469b\" data-element_type=\"container\" data-e-type=\"container\">\n\t\t\t\t<div class=\"elementor-element elementor-element-6375e18 elementor-widget elementor-widget-heading\" data-id=\"6375e18\" data-element_type=\"widget\" data-e-type=\"widget\" data-widget_type=\"heading.default\">\n\t\t\t\t<div class=\"elementor-widget-container\">\n\t\t\t\t\t<h3 class=\"elementor-heading-title elementor-size-default\">\u2705 Vitesse de course \u00e9lev\u00e9e<\/h3>\t\t\t\t<\/div>\n\t\t\t\t<\/div>\n\t\t\t\t<div class=\"elementor-element elementor-element-7a3cc12 elementor-widget elementor-widget-wd_text_block\" data-id=\"7a3cc12\" data-element_type=\"widget\" data-e-type=\"widget\" data-widget_type=\"wd_text_block.default\">\n\t\t\t\t<div class=\"elementor-widget-container\">\n\t\t\t\t\t\t\t<div class=\"wd-text-block reset-last-child text-left\">\n\t\t\t\n\t\t\t<p>La marque MINOVA con\u00e7oit ses scies de mani\u00e8re \u00e0 ce qu'elles atteignent des vitesses de travail \u00e9lev\u00e9es - dans les mod\u00e8les de ce type, jusqu'\u00e0 env. <b>2800-3000 mouvements par minute<\/b>, co :<\/p><ul><li>r\u00e9duit le temps n\u00e9cessaire \u00e0 la d\u00e9coupe de grands panneaux d'isolation,<\/li><li>minimise la r\u00e9sistance des mat\u00e9riaux,<\/li><li>am\u00e9liore le lissage des bords et augmente l'efficacit\u00e9.<\/li><\/ul>\n\t\t\t\t\t<\/div>\n\t\t\t\t\t\t<\/div>\n\t\t\t\t<\/div>\n\t\t\t\t<\/div>\n\t\t<div class=\"elementor-element elementor-element-e4b49f8 e-con-full e-flex e-con e-child\" data-id=\"e4b49f8\" data-element_type=\"container\" data-e-type=\"container\">\n\t\t\t\t<div class=\"elementor-element elementor-element-e6d710f elementor-widget elementor-widget-wd_image_or_svg\" data-id=\"e6d710f\" data-element_type=\"widget\" data-e-type=\"widget\" data-widget_type=\"wd_image_or_svg.default\">\n\t\t\t\t<div class=\"elementor-widget-container\">\n\t\t\t\t\t\n\t\t<div class=\"wd-image text-left\">\n\t\t\t\t\t\t\t\t<img loading=\"lazy\" decoding=\"async\" width=\"1600\" height=\"1600\" src=\"https:\/\/pro-cut.pl\/wp-content\/uploads\/2025\/12\/prezka-welna-4-1600.jpg\" class=\"attachment-full size-full\" alt=\"\" srcset=\"https:\/\/pro-cut.pl\/wp-content\/uploads\/2025\/12\/prezka-welna-4-1600.jpg 1600w, https:\/\/pro-cut.pl\/wp-content\/uploads\/2025\/12\/prezka-welna-4-1600-300x300.jpg 300w, https:\/\/pro-cut.pl\/wp-content\/uploads\/2025\/12\/prezka-welna-4-1600-1024x1024.jpg 1024w, https:\/\/pro-cut.pl\/wp-content\/uploads\/2025\/12\/prezka-welna-4-1600-150x150.jpg 150w, https:\/\/pro-cut.pl\/wp-content\/uploads\/2025\/12\/prezka-welna-4-1600-768x768.jpg 768w, https:\/\/pro-cut.pl\/wp-content\/uploads\/2025\/12\/prezka-welna-4-1600-1536x1536.jpg 1536w, https:\/\/pro-cut.pl\/wp-content\/uploads\/2025\/12\/prezka-welna-4-1600-12x12.jpg 12w, https:\/\/pro-cut.pl\/wp-content\/uploads\/2025\/12\/prezka-welna-4-1600-600x600.jpg 600w, https:\/\/pro-cut.pl\/wp-content\/uploads\/2025\/12\/prezka-welna-4-1600-1200x1200.jpg 1200w\" sizes=\"(max-width: 1600px) 100vw, 1600px\" title=\"\">\t\t\t\t\t<\/div>\n\n\t\t\t\t\t\t<\/div>\n\t\t\t\t<\/div>\n\t\t\t\t<\/div>\n\t\t\t\t\t<\/div>\n\t\t\t\t<\/div>\n\t\t<div class=\"elementor-element elementor-element-3aeb2cf e-flex e-con-boxed e-con e-parent\" data-id=\"3aeb2cf\" data-element_type=\"container\" data-e-type=\"container\">\n\t\t\t\t\t<div class=\"e-con-inner\">\n\t\t<div class=\"elementor-element elementor-element-3a83330 e-con-full e-flex e-con e-child\" data-id=\"3a83330\" data-element_type=\"container\" data-e-type=\"container\">\n\t\t\t\t<div class=\"elementor-element elementor-element-1a556e3 elementor-widget elementor-widget-heading\" data-id=\"1a556e3\" data-element_type=\"widget\" data-e-type=\"widget\" data-widget_type=\"heading.default\">\n\t\t\t\t<div class=\"elementor-widget-container\">\n\t\t\t\t\t<h3 class=\"elementor-heading-title elementor-size-default\">\u2705 Angle r\u00e9glable 45-135\u00b0 - pour s'adapter \u00e0 la situation<\/h3>\t\t\t\t<\/div>\n\t\t\t\t<\/div>\n\t\t\t\t<div class=\"elementor-element elementor-element-724e80a elementor-widget elementor-widget-wd_text_block\" data-id=\"724e80a\" data-element_type=\"widget\" data-e-type=\"widget\" data-widget_type=\"wd_text_block.default\">\n\t\t\t\t<div class=\"elementor-widget-container\">\n\t\t\t\t\t\t\t<div class=\"wd-text-block reset-last-child text-left\">\n\t\t\t\n\t\t\t<p>Angle de coupe r\u00e9glable <strong>45-135\u00b0<\/strong> facilite le travail dans les coins, aux angles, sur les \u00e9chafaudages et partout o\u00f9 l'acc\u00e8s n'est pas direct.<\/p>\n\t\t\t\t\t<\/div>\n\t\t\t\t\t\t<\/div>\n\t\t\t\t<\/div>\n\t\t\t\t<\/div>\n\t\t<div class=\"elementor-element elementor-element-255d169 e-con-full e-flex e-con e-child\" data-id=\"255d169\" data-element_type=\"container\" data-e-type=\"container\">\n\t\t\t\t<div class=\"elementor-element elementor-element-f0cc314 elementor-widget elementor-widget-wd_image_or_svg\" data-id=\"f0cc314\" data-element_type=\"widget\" data-e-type=\"widget\" data-widget_type=\"wd_image_or_svg.default\">\n\t\t\t\t<div class=\"elementor-widget-container\">\n\t\t\t\t\t\n\t\t<div class=\"wd-image text-left\">\n\t\t\t\t\t\t\t\t<img loading=\"lazy\" decoding=\"async\" width=\"1600\" height=\"1600\" src=\"https:\/\/pro-cut.pl\/wp-content\/uploads\/2025\/12\/prezka-welna-3-1600.jpg\" class=\"attachment-full size-full\" alt=\"\" srcset=\"https:\/\/pro-cut.pl\/wp-content\/uploads\/2025\/12\/prezka-welna-3-1600.jpg 1600w, https:\/\/pro-cut.pl\/wp-content\/uploads\/2025\/12\/prezka-welna-3-1600-300x300.jpg 300w, https:\/\/pro-cut.pl\/wp-content\/uploads\/2025\/12\/prezka-welna-3-1600-1024x1024.jpg 1024w, https:\/\/pro-cut.pl\/wp-content\/uploads\/2025\/12\/prezka-welna-3-1600-150x150.jpg 150w, https:\/\/pro-cut.pl\/wp-content\/uploads\/2025\/12\/prezka-welna-3-1600-768x768.jpg 768w, https:\/\/pro-cut.pl\/wp-content\/uploads\/2025\/12\/prezka-welna-3-1600-1536x1536.jpg 1536w, https:\/\/pro-cut.pl\/wp-content\/uploads\/2025\/12\/prezka-welna-3-1600-12x12.jpg 12w, https:\/\/pro-cut.pl\/wp-content\/uploads\/2025\/12\/prezka-welna-3-1600-600x600.jpg 600w, https:\/\/pro-cut.pl\/wp-content\/uploads\/2025\/12\/prezka-welna-3-1600-1200x1200.jpg 1200w\" sizes=\"(max-width: 1600px) 100vw, 1600px\" title=\"\">\t\t\t\t\t<\/div>\n\n\t\t\t\t\t\t<\/div>\n\t\t\t\t<\/div>\n\t\t\t\t<\/div>\n\t\t\t\t\t<\/div>\n\t\t\t\t<\/div>\n\t\t<div class=\"elementor-element elementor-element-f27ded3 e-flex e-con-boxed e-con e-parent\" data-id=\"f27ded3\" data-element_type=\"container\" data-e-type=\"container\">\n\t\t\t\t\t<div class=\"e-con-inner\">\n\t\t<div class=\"elementor-element elementor-element-8a9c6a9 e-con-full e-flex e-con e-child\" data-id=\"8a9c6a9\" data-element_type=\"container\" data-e-type=\"container\">\n\t\t\t\t<div class=\"elementor-element elementor-element-9b15b5c elementor-widget elementor-widget-heading\" data-id=\"9b15b5c\" data-element_type=\"widget\" data-e-type=\"widget\" data-widget_type=\"heading.default\">\n\t\t\t\t<div class=\"elementor-widget-container\">\n\t\t\t\t\t<h3 class=\"elementor-heading-title elementor-size-default\">\u2705 Brushless + 18V - puissance stable sans c\u00e2ble<\/h3>\t\t\t\t<\/div>\n\t\t\t\t<\/div>\n\t\t\t\t<div class=\"elementor-element elementor-element-77af08c elementor-widget elementor-widget-wd_text_block\" data-id=\"77af08c\" data-element_type=\"widget\" data-e-type=\"widget\" data-widget_type=\"wd_text_block.default\">\n\t\t\t\t<div class=\"elementor-widget-container\">\n\t\t\t\t\t\t\t<div class=\"wd-text-block reset-last-child text-left\">\n\t\t\t\n\t\t\t<p><strong>Moteur sans balais et alimentation 18V (4.0Ah)<\/strong> assurent un fonctionnement stable et puissant de l'outil sans fil, ce qui permet d'obtenir une vitesse de coupe r\u00e9guli\u00e8re et des performances \u00e9lev\u00e9es lors des travaux sur la laine min\u00e9rale et l'isolation PIR\/PUR.<\/p><p><strong>Compatible avec les syst\u00e8mes de batteries les plus courants<\/strong> - La fraise MINOVA PRO W03 peut \u00eatre aliment\u00e9e par des batteries 18V via des adaptateurs pour les syst\u00e8mes Makita, DeWalt, Milwaukee et Bosch. Cela vous permet d'utiliser vos batteries existantes sans avoir \u00e0 investir dans un \u00e9cosyst\u00e8me de batteries s\u00e9par\u00e9.<\/p><div id=\"simple-translate\" class=\"simple-translate-system-theme\"><div><div class=\"simple-translate-button isShow\" style=\"background-image: url('moz-extension:\/\/f6d3e1ae-e0ad-4cec-b66f-30252c6a0408\/icons\/512.png'); height: 22px; width: 22px; top: 125px; left: 164px;\">\u00a0<\/div><div class=\"simple-translate-panel\" style=\"width: 300px; height: 200px; top: 0px; left: 0px; font-size: 13px;\"><div class=\"simple-translate-result-wrapper\" style=\"overflow: hidden;\"><div class=\"simple-translate-move\" draggable=\"true\">\u00a0<\/div><div class=\"simple-translate-result-contents\"><p class=\"simple-translate-result\" dir=\"auto\">\u00a0<\/p><p class=\"simple-translate-candidate\" dir=\"auto\">\u00a0<\/p><\/div><\/div><\/div><\/div><\/div>\n\t\t\t\t\t<\/div>\n\t\t\t\t\t\t<\/div>\n\t\t\t\t<\/div>\n\t\t\t\t<\/div>\n\t\t<div class=\"elementor-element elementor-element-052c69d e-con-full e-flex e-con e-child\" data-id=\"052c69d\" data-element_type=\"container\" data-e-type=\"container\">\n\t\t\t\t<div class=\"elementor-element elementor-element-c2b67f6 elementor-widget elementor-widget-wd_image_or_svg\" data-id=\"c2b67f6\" data-element_type=\"widget\" data-e-type=\"widget\" data-widget_type=\"wd_image_or_svg.default\">\n\t\t\t\t<div class=\"elementor-widget-container\">\n\t\t\t\t\t\n\t\t<div class=\"wd-image text-left\">\n\t\t\t\t\t\t\t\t<img loading=\"lazy\" decoding=\"async\" width=\"1600\" height=\"1600\" src=\"https:\/\/pro-cut.pl\/wp-content\/uploads\/2025\/12\/prezka-welna-2-1600.jpg\" class=\"attachment-full size-full\" alt=\"\" srcset=\"https:\/\/pro-cut.pl\/wp-content\/uploads\/2025\/12\/prezka-welna-2-1600.jpg 1600w, https:\/\/pro-cut.pl\/wp-content\/uploads\/2025\/12\/prezka-welna-2-1600-300x300.jpg 300w, https:\/\/pro-cut.pl\/wp-content\/uploads\/2025\/12\/prezka-welna-2-1600-1024x1024.jpg 1024w, https:\/\/pro-cut.pl\/wp-content\/uploads\/2025\/12\/prezka-welna-2-1600-150x150.jpg 150w, https:\/\/pro-cut.pl\/wp-content\/uploads\/2025\/12\/prezka-welna-2-1600-768x768.jpg 768w, https:\/\/pro-cut.pl\/wp-content\/uploads\/2025\/12\/prezka-welna-2-1600-1536x1536.jpg 1536w, https:\/\/pro-cut.pl\/wp-content\/uploads\/2025\/12\/prezka-welna-2-1600-12x12.jpg 12w, https:\/\/pro-cut.pl\/wp-content\/uploads\/2025\/12\/prezka-welna-2-1600-600x600.jpg 600w, https:\/\/pro-cut.pl\/wp-content\/uploads\/2025\/12\/prezka-welna-2-1600-1200x1200.jpg 1200w\" sizes=\"(max-width: 1600px) 100vw, 1600px\" title=\"\">\t\t\t\t\t<\/div>\n\n\t\t\t\t\t\t<\/div>\n\t\t\t\t<\/div>\n\t\t\t\t<\/div>\n\t\t\t\t\t<\/div>\n\t\t\t\t<\/div>\n\t\t<div class=\"elementor-element elementor-element-023293a e-flex e-con-boxed e-con e-parent\" data-id=\"023293a\" data-element_type=\"container\" data-e-type=\"container\">\n\t\t\t\t\t<div class=\"e-con-inner\">\n\t\t<div class=\"elementor-element elementor-element-a9fa9d6 e-con-full e-flex e-con e-child\" data-id=\"a9fa9d6\" data-element_type=\"container\" data-e-type=\"container\">\n\t\t\t\t<div class=\"elementor-element elementor-element-c637d34 elementor-widget elementor-widget-heading\" data-id=\"c637d34\" data-element_type=\"widget\" data-e-type=\"widget\" data-widget_type=\"heading.default\">\n\t\t\t\t<div class=\"elementor-widget-container\">\n\t\t\t\t\t<h3 class=\"elementor-heading-title elementor-size-default\">Kit de travail complet<\/h3>\t\t\t\t<\/div>\n\t\t\t\t<\/div>\n\t\t\t\t<div class=\"elementor-element elementor-element-edf8348 elementor-widget elementor-widget-wd_text_block\" data-id=\"edf8348\" data-element_type=\"widget\" data-e-type=\"widget\" data-widget_type=\"wd_text_block.default\">\n\t\t\t\t<div class=\"elementor-widget-container\">\n\t\t\t\t\t\t\t<div class=\"wd-text-block reset-last-child text-left\">\n\t\t\t\n\t\t\t<p><strong>Fraise sans fil MINOVA Pro W03 (moteur sans balais)<\/strong><\/p><p><strong>Mallette de transport MINOVA<\/strong><\/p><p><strong>Guide d'angle r\u00e9glable<\/strong><\/p><p><strong>Lame de 240 mm (profondeur de coupe max. 240 mm)<\/strong><\/p><ul><li>2\u00d7 lame dent\u00e9e (sci\u00e9e)<\/li><li>2\u00d7 lame ondul\u00e9e<\/li><li>1\u00d7 porte-lame<\/li><\/ul><p><strong>Alimentation \u00e9lectrique<\/strong><\/p><ul><li>2\u00d7 18V \/ 4.0 Ah batterie<\/li><li>chargeur de batterie<\/li><\/ul>\n\t\t\t\t\t<\/div>\n\t\t\t\t\t\t<\/div>\n\t\t\t\t<\/div>\n\t\t\t\t<\/div>\n\t\t<div class=\"elementor-element elementor-element-05b5888 e-con-full e-flex e-con e-child\" data-id=\"05b5888\" data-element_type=\"container\" data-e-type=\"container\">\n\t\t\t\t<div class=\"elementor-element elementor-element-09711fc elementor-widget elementor-widget-wd_image_or_svg\" data-id=\"09711fc\" data-element_type=\"widget\" data-e-type=\"widget\" data-widget_type=\"wd_image_or_svg.default\">\n\t\t\t\t<div class=\"elementor-widget-container\">\n\t\t\t\t\t\n\t\t<div class=\"wd-image text-left\">\n\t\t\t\t\t\t\t\t<img loading=\"lazy\" decoding=\"async\" width=\"1200\" height=\"492\" src=\"https:\/\/pro-cut.pl\/wp-content\/uploads\/2025\/12\/Zestaw-poziomv2-1200.jpg\" class=\"attachment-full size-full\" alt=\"\" srcset=\"https:\/\/pro-cut.pl\/wp-content\/uploads\/2025\/12\/Zestaw-poziomv2-1200.jpg 1200w, https:\/\/pro-cut.pl\/wp-content\/uploads\/2025\/12\/Zestaw-poziomv2-1200-300x123.jpg 300w, https:\/\/pro-cut.pl\/wp-content\/uploads\/2025\/12\/Zestaw-poziomv2-1200-1024x420.jpg 1024w, https:\/\/pro-cut.pl\/wp-content\/uploads\/2025\/12\/Zestaw-poziomv2-1200-768x315.jpg 768w, https:\/\/pro-cut.pl\/wp-content\/uploads\/2025\/12\/Zestaw-poziomv2-1200-18x7.jpg 18w, https:\/\/pro-cut.pl\/wp-content\/uploads\/2025\/12\/Zestaw-poziomv2-1200-150x62.jpg 150w\" sizes=\"(max-width: 1200px) 100vw, 1200px\" title=\"\">\t\t\t\t\t<\/div>\n\n\t\t\t\t\t\t<\/div>\n\t\t\t\t<\/div>\n\t\t\t\t<div class=\"elementor-element elementor-element-43d3dce elementor-widget elementor-widget-wd_image_or_svg\" data-id=\"43d3dce\" data-element_type=\"widget\" data-e-type=\"widget\" data-widget_type=\"wd_image_or_svg.default\">\n\t\t\t\t<div class=\"elementor-widget-container\">\n\t\t\t\t\t\n\t\t<div class=\"wd-image text-left\">\n\t\t\t\t\t\t\t\t<img loading=\"lazy\" decoding=\"async\" width=\"1200\" height=\"492\" src=\"https:\/\/pro-cut.pl\/wp-content\/uploads\/2025\/12\/Uzytkowanie-poziom-1200.jpg\" class=\"attachment-full size-full\" alt=\"\" srcset=\"https:\/\/pro-cut.pl\/wp-content\/uploads\/2025\/12\/Uzytkowanie-poziom-1200.jpg 1200w, https:\/\/pro-cut.pl\/wp-content\/uploads\/2025\/12\/Uzytkowanie-poziom-1200-300x123.jpg 300w, https:\/\/pro-cut.pl\/wp-content\/uploads\/2025\/12\/Uzytkowanie-poziom-1200-1024x420.jpg 1024w, https:\/\/pro-cut.pl\/wp-content\/uploads\/2025\/12\/Uzytkowanie-poziom-1200-768x315.jpg 768w, https:\/\/pro-cut.pl\/wp-content\/uploads\/2025\/12\/Uzytkowanie-poziom-1200-18x7.jpg 18w, https:\/\/pro-cut.pl\/wp-content\/uploads\/2025\/12\/Uzytkowanie-poziom-1200-150x62.jpg 150w\" sizes=\"(max-width: 1200px) 100vw, 1200px\" title=\"\">\t\t\t\t\t<\/div>\n\n\t\t\t\t\t\t<\/div>\n\t\t\t\t<\/div>\n\t\t\t\t<\/div>\n\t\t\t\t\t<\/div>\n\t\t\t\t<\/div>\n\t\t<div class=\"elementor-element elementor-element-bb452f4 e-flex e-con-boxed e-con e-parent\" data-id=\"bb452f4\" data-element_type=\"container\" data-e-type=\"container\">\n\t\t\t\t\t<div class=\"e-con-inner\">\n\t\t<div class=\"elementor-element elementor-element-fdb19a8 e-con-full e-flex e-con e-child\" data-id=\"fdb19a8\" data-element_type=\"container\" data-e-type=\"container\">\n\t\t\t\t<div class=\"elementor-element elementor-element-c4cadd6 elementor-widget elementor-widget-wd_image_or_svg\" data-id=\"c4cadd6\" data-element_type=\"widget\" data-e-type=\"widget\" data-widget_type=\"wd_image_or_svg.default\">\n\t\t\t\t<div class=\"elementor-widget-container\">\n\t\t\t\t\t\n\t\t<div class=\"wd-image text-left\">\n\t\t\t\t\t\t\t\t<img loading=\"lazy\" decoding=\"async\" width=\"2000\" height=\"2000\" src=\"https:\/\/pro-cut.pl\/wp-content\/uploads\/2025\/12\/zestaw-minova-w03.jpg\" class=\"attachment-full size-full\" alt=\"\" srcset=\"https:\/\/pro-cut.pl\/wp-content\/uploads\/2025\/12\/zestaw-minova-w03.jpg 2000w, https:\/\/pro-cut.pl\/wp-content\/uploads\/2025\/12\/zestaw-minova-w03-300x300.jpg 300w, https:\/\/pro-cut.pl\/wp-content\/uploads\/2025\/12\/zestaw-minova-w03-1024x1024.jpg 1024w, https:\/\/pro-cut.pl\/wp-content\/uploads\/2025\/12\/zestaw-minova-w03-150x150.jpg 150w, https:\/\/pro-cut.pl\/wp-content\/uploads\/2025\/12\/zestaw-minova-w03-768x768.jpg 768w, https:\/\/pro-cut.pl\/wp-content\/uploads\/2025\/12\/zestaw-minova-w03-1536x1536.jpg 1536w, https:\/\/pro-cut.pl\/wp-content\/uploads\/2025\/12\/zestaw-minova-w03-12x12.jpg 12w, https:\/\/pro-cut.pl\/wp-content\/uploads\/2025\/12\/zestaw-minova-w03-600x600.jpg 600w, https:\/\/pro-cut.pl\/wp-content\/uploads\/2025\/12\/zestaw-minova-w03-1200x1200.jpg 1200w\" sizes=\"(max-width: 2000px) 100vw, 2000px\" title=\"\">\t\t\t\t\t<\/div>\n\n\t\t\t\t\t\t<\/div>\n\t\t\t\t<\/div>\n\t\t\t\t<\/div>\n\t\t\t\t\t<\/div>\n\t\t\t\t<\/div>\n\t\t<div class=\"elementor-element elementor-element-a7e0a09 e-flex e-con-boxed e-con e-parent\" data-id=\"a7e0a09\" data-element_type=\"container\" data-e-type=\"container\">\n\t\t\t\t\t<div class=\"e-con-inner\">\n\t\t<div class=\"elementor-element elementor-element-93114cc e-con-full e-flex e-con e-child\" data-id=\"93114cc\" data-element_type=\"container\" data-e-type=\"container\">\n\t\t\t\t<div class=\"elementor-element elementor-element-61e580a elementor-widget elementor-widget-wd_image_or_svg\" data-id=\"61e580a\" data-element_type=\"widget\" data-e-type=\"widget\" data-widget_type=\"wd_image_or_svg.default\">\n\t\t\t\t<div class=\"elementor-widget-container\">\n\t\t\t\t\t\n\t\t<div class=\"wd-image text-left\">\n\t\t\t\t\t\t\t\t<img loading=\"lazy\" decoding=\"async\" width=\"1600\" height=\"1600\" src=\"https:\/\/pro-cut.pl\/wp-content\/uploads\/2025\/12\/prezka-welna-3-1600.jpg\" class=\"attachment-full size-full\" alt=\"\" srcset=\"https:\/\/pro-cut.pl\/wp-content\/uploads\/2025\/12\/prezka-welna-3-1600.jpg 1600w, https:\/\/pro-cut.pl\/wp-content\/uploads\/2025\/12\/prezka-welna-3-1600-300x300.jpg 300w, https:\/\/pro-cut.pl\/wp-content\/uploads\/2025\/12\/prezka-welna-3-1600-1024x1024.jpg 1024w, https:\/\/pro-cut.pl\/wp-content\/uploads\/2025\/12\/prezka-welna-3-1600-150x150.jpg 150w, https:\/\/pro-cut.pl\/wp-content\/uploads\/2025\/12\/prezka-welna-3-1600-768x768.jpg 768w, https:\/\/pro-cut.pl\/wp-content\/uploads\/2025\/12\/prezka-welna-3-1600-1536x1536.jpg 1536w, https:\/\/pro-cut.pl\/wp-content\/uploads\/2025\/12\/prezka-welna-3-1600-12x12.jpg 12w, https:\/\/pro-cut.pl\/wp-content\/uploads\/2025\/12\/prezka-welna-3-1600-600x600.jpg 600w, https:\/\/pro-cut.pl\/wp-content\/uploads\/2025\/12\/prezka-welna-3-1600-1200x1200.jpg 1200w\" sizes=\"(max-width: 1600px) 100vw, 1600px\" title=\"\">\t\t\t\t\t<\/div>\n\n\t\t\t\t\t\t<\/div>\n\t\t\t\t<\/div>\n\t\t\t\t<\/div>\n\t\t<div class=\"elementor-element elementor-element-9b3762d e-con-full e-flex e-con e-child\" data-id=\"9b3762d\" data-element_type=\"container\" data-e-type=\"container\">\n\t\t\t\t<div class=\"elementor-element elementor-element-341d1f9 elementor-widget elementor-widget-wd_image_or_svg\" data-id=\"341d1f9\" data-element_type=\"widget\" data-e-type=\"widget\" data-widget_type=\"wd_image_or_svg.default\">\n\t\t\t\t<div class=\"elementor-widget-container\">\n\t\t\t\t\t\n\t\t<div class=\"wd-image text-left\">\n\t\t\t\t\t\t\t\t<img loading=\"lazy\" decoding=\"async\" width=\"1600\" height=\"1600\" src=\"https:\/\/pro-cut.pl\/wp-content\/uploads\/2025\/12\/prezka-welna-2-1600.jpg\" class=\"attachment-full size-full\" alt=\"\" srcset=\"https:\/\/pro-cut.pl\/wp-content\/uploads\/2025\/12\/prezka-welna-2-1600.jpg 1600w, https:\/\/pro-cut.pl\/wp-content\/uploads\/2025\/12\/prezka-welna-2-1600-300x300.jpg 300w, https:\/\/pro-cut.pl\/wp-content\/uploads\/2025\/12\/prezka-welna-2-1600-1024x1024.jpg 1024w, https:\/\/pro-cut.pl\/wp-content\/uploads\/2025\/12\/prezka-welna-2-1600-150x150.jpg 150w, https:\/\/pro-cut.pl\/wp-content\/uploads\/2025\/12\/prezka-welna-2-1600-768x768.jpg 768w, https:\/\/pro-cut.pl\/wp-content\/uploads\/2025\/12\/prezka-welna-2-1600-1536x1536.jpg 1536w, https:\/\/pro-cut.pl\/wp-content\/uploads\/2025\/12\/prezka-welna-2-1600-12x12.jpg 12w, https:\/\/pro-cut.pl\/wp-content\/uploads\/2025\/12\/prezka-welna-2-1600-600x600.jpg 600w, https:\/\/pro-cut.pl\/wp-content\/uploads\/2025\/12\/prezka-welna-2-1600-1200x1200.jpg 1200w\" sizes=\"(max-width: 1600px) 100vw, 1600px\" title=\"\">\t\t\t\t\t<\/div>\n\n\t\t\t\t\t\t<\/div>\n\t\t\t\t<\/div>\n\t\t\t\t<\/div>\n\t\t\t\t\t<\/div>\n\t\t\t\t<\/div>\n\t\t<div class=\"wd-negative-gap elementor-element elementor-element-e23bea0 e-flex e-con-boxed e-con e-parent\" data-id=\"e23bea0\" data-element_type=\"container\" data-e-type=\"container\">\n\t\t\t\t\t<div class=\"e-con-inner\">\n\t\t<div class=\"elementor-element elementor-element-d753615 e-con-full e-flex e-con e-child\" data-id=\"d753615\" data-element_type=\"container\" data-e-type=\"container\">\n\t\t\t\t<div class=\"elementor-element elementor-element-f23bf43 elementor-widget elementor-widget-wd_text_block\" data-id=\"f23bf43\" data-element_type=\"widget\" data-e-type=\"widget\" data-widget_type=\"wd_text_block.default\">\n\t\t\t\t<div class=\"elementor-widget-container\">\n\t\t\t\t\t\t\t<div class=\"wd-text-block reset-last-child text-left\">\n\t\t\t\n\t\t\t\n\t\t\t\t\t<\/div>\n\t\t\t\t\t\t<\/div>\n\t\t\t\t<\/div>\n\t\t\t\t<div class=\"elementor-element elementor-element-0de08f6 elementor-widget elementor-widget-heading\" data-id=\"0de08f6\" data-element_type=\"widget\" data-e-type=\"widget\" data-widget_type=\"heading.default\">\n\t\t\t\t<div class=\"elementor-widget-container\">\n\t\t\t\t\t<h2 class=\"elementor-heading-title elementor-size-default\">Caract\u00e9ristiques techniques du couteau Minova Pro W03<\/h2>\t\t\t\t<\/div>\n\t\t\t\t<\/div>\n\t\t\t\t<\/div>\n\t\t\t\t<div class=\"elementor-element elementor-element-54b93b6 elementor-widget elementor-widget-wd_table\" data-id=\"54b93b6\" data-element_type=\"widget\" data-e-type=\"widget\" data-widget_type=\"wd_table.default\">\n\t\t\t\t<div class=\"elementor-widget-container\">\n\t\t\t\t\t\t\t<div class=\"wd-el-table-wrap wd-reset-all-last\">\n\t\t\t<table class=\"wd-el-table\">\n\t\t\t\t\t\t\t\t\t<thead class=\"text-left\">\n\t\t\t\t\t\t\t\t\t\t\t\t\t\t\t\t\t\t\t\t\t\t\t\t\t\t\t\t\t\t<tr class=\"wd-table-row elementor-repeater-item-7d56782\">\n\t\t\t\t\t\t\t\t\t\t\t\t\t\t\t\t\t\t\t\t\t\t\t\t\t\t\t<\/tr>\n\t\t\t\t\t<\/thead>\n\t\t\t\t\n\t\t\t\t<tbody class=\"text-left\">\n\t\t\t\t\t\t\t\t\t\t\t\t\t\t\t\t\t\t\t\t\t\t\t\t\t\t<tr class=\"wd-table-row elementor-repeater-item-b00c995\">\n\t\t\t\t\t\t\t\t\t\t\t\t\t\t\t\t\t\t\t\t\t\t\t\t\t\t\t\t\t\t\t<td class=\"wd-table-cell elementor-repeater-item-9420185\" colspan=\"1\" rowspan=\"1\">\n\t\t\t\t\t\t\t<p><strong>Mod\u00e8le :<\/strong><\/p>\t\t\t\t\t\t\t<\/td>\n\t\t\t\t\t\t\t\t\t\t\t\t\t\t\t\t\t\t\t\t\t\t\t\t<td class=\"wd-table-cell elementor-repeater-item-38ed803\" colspan=\"1\" rowspan=\"1\">\n\t\t\t\t\t\t\t<p>MINOVA PRO W03<\/p>\t\t\t\t\t\t\t<\/td>\n\t\t\t\t\t\t\t\t\t\t\t\t\t\t\t\t\t\t\t\t\t\t\t\t\t\t\t\t\t\t\t\t<\/tr>\n\t\t\t\t\t\t\t\t<tr class=\"wd-table-row elementor-repeater-item-cdccbfe\">\n\t\t\t\t\t\t\t\t\t\t\t\t\t\t\t\t\t\t\t\t\t\t\t\t\t\t\t\t\t\t\t<td class=\"wd-table-cell elementor-repeater-item-837e819\" colspan=\"1\" rowspan=\"1\">\n\t\t\t\t\t\t\t<p><strong>Type d'outil :<\/strong><\/p>\t\t\t\t\t\t\t<\/td>\n\t\t\t\t\t\t\t\t\t\t\t\t\t\t\t\t\t\t\t\t\t\t\t\t<td class=\"wd-table-cell elementor-repeater-item-95476fb\" colspan=\"1\" rowspan=\"1\">\n\t\t\t\t\t\t\t<p>Coupeur \/ scie sans fil pour mat\u00e9riaux isolants<\/p>\t\t\t\t\t\t\t<\/td>\n\t\t\t\t\t\t\t\t\t\t\t\t\t\t\t\t\t\t\t\t\t\t\t\t\t\t\t\t\t\t\t\t<\/tr>\n\t\t\t\t\t\t\t\t<tr class=\"wd-table-row elementor-repeater-item-2fb0920\">\n\t\t\t\t\t\t\t\t\t\t\t\t\t\t\t\t\t\t\t\t\t\t\t\t\t\t\t\t\t\t\t<td class=\"wd-table-cell elementor-repeater-item-06fb2a1\" colspan=\"1\" rowspan=\"1\">\n\t\t\t\t\t\t\t<p><strong>Application :<\/strong><\/p>\t\t\t\t\t\t\t<\/td>\n\t\t\t\t\t\t\t\t\t\t\t\t\t\t\t\t\t\t\t\t\t\t\t\t<td class=\"wd-table-cell elementor-repeater-item-1a760c6\" colspan=\"1\" rowspan=\"1\">\n\t\t\t\t\t\t\t<p>Laine min\u00e9rale (roche et verre), PIR, PUR, mat\u00e9riaux d'isolation<\/p>\t\t\t\t\t\t\t<\/td>\n\t\t\t\t\t\t\t\t\t\t\t\t\t\t\t\t\t\t\t\t\t\t\t\t\t\t\t\t\t\t\t\t<\/tr>\n\t\t\t\t\t\t\t\t<tr class=\"wd-table-row elementor-repeater-item-4f90d17\">\n\t\t\t\t\t\t\t\t\t\t\t\t\t\t\t\t\t\t\t\t\t\t\t\t\t\t\t\t\t\t\t<td class=\"wd-table-cell elementor-repeater-item-00c7e0e\" colspan=\"1\" rowspan=\"1\">\n\t\t\t\t\t\t\t<p><strong>Alimentation \u00e9lectrique :<\/strong><\/p>\t\t\t\t\t\t\t<\/td>\n\t\t\t\t\t\t\t\t\t\t\t\t\t\t\t\t\t\t\t\t\t\t\t\t<td class=\"wd-table-cell elementor-repeater-item-f2d0dfa\" colspan=\"1\" rowspan=\"1\">\n\t\t\t\t\t\t\t<p>aliment\u00e9 par batterie<\/p>\t\t\t\t\t\t\t<\/td>\n\t\t\t\t\t\t\t\t\t\t\t\t\t\t\t\t\t\t\t\t\t\t\t\t\t\t\t\t\t\t\t\t<\/tr>\n\t\t\t\t\t\t\t\t<tr class=\"wd-table-row elementor-repeater-item-d834141\">\n\t\t\t\t\t\t\t\t\t\t\t\t\t\t\t\t\t\t\t\t\t\t\t\t\t\t\t\t\t\t\t<td class=\"wd-table-cell elementor-repeater-item-41c4ecd\" colspan=\"1\" rowspan=\"1\">\n\t\t\t\t\t\t\t<p><strong>Tension :<\/strong><\/p>\t\t\t\t\t\t\t<\/td>\n\t\t\t\t\t\t\t\t\t\t\t\t\t\t\t\t\t\t\t\t\t\t\t\t<td class=\"wd-table-cell elementor-repeater-item-91748bd\" colspan=\"1\" rowspan=\"1\">\n\t\t\t\t\t\t\t<p>18 V<\/p>\t\t\t\t\t\t\t<\/td>\n\t\t\t\t\t\t\t\t\t\t\t\t\t\t\t\t\t\t\t\t\t\t\t\t\t\t\t\t\t\t\t\t<\/tr>\n\t\t\t\t\t\t\t\t<tr class=\"wd-table-row elementor-repeater-item-0104d14\">\n\t\t\t\t\t\t\t\t\t\t\t\t\t\t\t\t\t\t\t\t\t\t\t\t\t\t\t\t\t\t\t<td class=\"wd-table-cell elementor-repeater-item-3032ed3\" colspan=\"1\" rowspan=\"1\">\n\t\t\t\t\t\t\t<p><strong>Capacit\u00e9 de la batterie :<\/strong><\/p>\t\t\t\t\t\t\t<\/td>\n\t\t\t\t\t\t\t\t\t\t\t\t\t\t\t\t\t\t\t\t\t\t\t\t<td class=\"wd-table-cell elementor-repeater-item-63eeb8a\" colspan=\"1\" rowspan=\"1\">\n\t\t\t\t\t\t\t<p>4.0Ah<\/p>\t\t\t\t\t\t\t<\/td>\n\t\t\t\t\t\t\t\t\t\t\t\t\t\t\t\t\t\t\t\t\t\t\t\t\t\t\t\t\t\t\t\t<\/tr>\n\t\t\t\t\t\t\t\t<tr class=\"wd-table-row elementor-repeater-item-2b7f029\">\n\t\t\t\t\t\t\t\t\t\t\t\t\t\t\t\t\t\t\t\t\t\t\t\t\t\t\t\t\t\t\t<td class=\"wd-table-cell elementor-repeater-item-7304c80\" colspan=\"1\" rowspan=\"1\">\n\t\t\t\t\t\t\t<p><strong>Type de moteur :<\/strong><\/p>\t\t\t\t\t\t\t<\/td>\n\t\t\t\t\t\t\t\t\t\t\t\t\t\t\t\t\t\t\t\t\t\t\t\t<td class=\"wd-table-cell elementor-repeater-item-5149656\" colspan=\"1\" rowspan=\"1\">\n\t\t\t\t\t\t\t<p>sans balais<\/p>\t\t\t\t\t\t\t<\/td>\n\t\t\t\t\t\t\t\t\t\t\t\t\t\t\t\t\t\t\t\t\t\t\t\t\t\t\t\t\t\t\t\t<\/tr>\n\t\t\t\t\t\t\t\t<tr class=\"wd-table-row elementor-repeater-item-15a5d1b\">\n\t\t\t\t\t\t\t\t\t\t\t\t\t\t\t\t\t\t\t\t\t\t\t\t\t\t\t\t\t\t\t<td class=\"wd-table-cell elementor-repeater-item-9923940\" colspan=\"1\" rowspan=\"1\">\n\t\t\t\t\t\t\t<p><strong>Vitesse de la course :<\/strong><\/p>\t\t\t\t\t\t\t<\/td>\n\t\t\t\t\t\t\t\t\t\t\t\t\t\t\t\t\t\t\t\t\t\t\t\t<td class=\"wd-table-cell elementor-repeater-item-d19762b\" colspan=\"1\" rowspan=\"1\">\n\t\t\t\t\t\t\t<p>jusqu'\u00e0 2 800 mouvements\/min.<\/p>\t\t\t\t\t\t\t<\/td>\n\t\t\t\t\t\t\t\t\t\t\t\t\t\t\t\t\t\t\t\t\t\t\t\t\t\t\t\t\t\t\t\t<\/tr>\n\t\t\t\t\t\t\t\t<tr class=\"wd-table-row elementor-repeater-item-05c6bbb\">\n\t\t\t\t\t\t\t\t\t\t\t\t\t\t\t\t\t\t\t\t\t\t\t\t\t\t\t\t\t\t\t<td class=\"wd-table-cell elementor-repeater-item-0a564ec\" colspan=\"1\" rowspan=\"1\">\n\t\t\t\t\t\t\t<p><strong>Longueur de la lame :<\/strong><\/p>\t\t\t\t\t\t\t<\/td>\n\t\t\t\t\t\t\t\t\t\t\t\t\t\t\t\t\t\t\t\t\t\t\t\t<td class=\"wd-table-cell elementor-repeater-item-699ed1c\" colspan=\"1\" rowspan=\"1\">\n\t\t\t\t\t\t\t<p>240 mm<\/p>\t\t\t\t\t\t\t<\/td>\n\t\t\t\t\t\t\t\t\t\t\t\t\t\t\t\t\t\t\t\t\t\t\t\t\t\t\t\t\t\t\t\t<\/tr>\n\t\t\t\t\t\t\t\t<tr class=\"wd-table-row elementor-repeater-item-4e7f5a2\">\n\t\t\t\t\t\t\t\t\t\t\t\t\t\t\t\t\t\t\t\t\t\t\t\t\t\t\t\t\t\t\t<td class=\"wd-table-cell elementor-repeater-item-b800f7b\" colspan=\"1\" rowspan=\"1\">\n\t\t\t\t\t\t\t<p><strong>Type de lames :<\/strong><\/p>\t\t\t\t\t\t\t<\/td>\n\t\t\t\t\t\t\t\t\t\t\t\t\t\t\t\t\t\t\t\t\t\t\t\t<td class=\"wd-table-cell elementor-repeater-item-103d94e\" colspan=\"1\" rowspan=\"1\">\n\t\t\t\t\t\t\t<p>lames dent\u00e9es (en dents de scie), lames ondul\u00e9es<\/p>\t\t\t\t\t\t\t<\/td>\n\t\t\t\t\t\t\t\t\t\t\t\t\t\t\t\t\t\t\t\t\t\t\t\t\t\t\t\t\t\t\t\t<\/tr>\n\t\t\t\t\t\t\t\t<tr class=\"wd-table-row elementor-repeater-item-3f79f65\">\n\t\t\t\t\t\t\t\t\t\t\t\t\t\t\t\t\t\t\t\t\t\t\t\t\t\t\t\t\t\t\t<td class=\"wd-table-cell elementor-repeater-item-f1c2021\" colspan=\"1\" rowspan=\"1\">\n\t\t\t\t\t\t\t<p><strong>Syst\u00e8me de lames :<\/strong><\/p>\t\t\t\t\t\t\t<\/td>\n\t\t\t\t\t\t\t\t\t\t\t\t\t\t\t\t\t\t\t\t\t\t\t\t<td class=\"wd-table-cell elementor-repeater-item-79e016b\" colspan=\"1\" rowspan=\"1\">\n\t\t\t\t\t\t\t<p>doubles lames<\/p>\t\t\t\t\t\t\t<\/td>\n\t\t\t\t\t\t\t\t\t\t\t\t\t\t\t\t\t\t\t\t\t\t\t\t\t\t\t\t\t\t\t\t<\/tr>\n\t\t\t\t\t\t\t\t<tr class=\"wd-table-row elementor-repeater-item-9c6ffc5\">\n\t\t\t\t\t\t\t\t\t\t\t\t\t\t\t\t\t\t\t\t\t\t\t\t\t\t\t\t\t\t\t<td class=\"wd-table-cell elementor-repeater-item-1b6d92a\" colspan=\"1\" rowspan=\"1\">\n\t\t\t\t\t\t\t<p><strong>Poids :<\/strong><\/p>\t\t\t\t\t\t\t<\/td>\n\t\t\t\t\t\t\t\t\t\t\t\t\t\t\t\t\t\t\t\t\t\t\t\t<td class=\"wd-table-cell elementor-repeater-item-5c5fecc\" colspan=\"1\" rowspan=\"1\">\n\t\t\t\t\t\t\t<p>env. 1,5 kg (sans batterie)<\/p>\t\t\t\t\t\t\t<\/td>\n\t\t\t\t\t\t\t\t\t\t\t\t\t\t\t\t\t\t\t\t\t\t\t\t\t\t\t\t\t\t\t\t<\/tr>\n\t\t\t\t\t\t\t\t<tr class=\"wd-table-row elementor-repeater-item-8b2b4e6\">\n\t\t\t\t\t\t\t\t\t\t\t\t\t\t\t\t\t\t\t\t\t\t\t\t\t\t\t\t\t\t\t<td class=\"wd-table-cell elementor-repeater-item-758b9da\" colspan=\"1\" rowspan=\"1\">\n\t\t\t\t\t\t\t<p><strong>Compatibilit\u00e9 avec les piles (via un adaptateur) :<\/strong><\/p>\t\t\t\t\t\t\t<\/td>\n\t\t\t\t\t\t\t\t\t\t\t\t\t\t\t\t\t\t\t\t\t\t\t\t<td class=\"wd-table-cell elementor-repeater-item-7ea766c\" colspan=\"1\" rowspan=\"1\">\n\t\t\t\t\t\t\t<p>Makita \/ DeWalt \/ Milwaukee \/ Bosch<\/p>\t\t\t\t\t\t\t<\/td>\n\t\t\t\t\t\t\t\t\t\t\t\t\t\t\t\t\t\t\t\t\t\t\t\t\t\t\t\t\t\t\t\t<\/tr>\n\t\t\t\t\t\t\t\t<tr class=\"wd-table-row elementor-repeater-item-3d8fbe0\">\n\t\t\t\t\t\t\t\t\t\t\t\t\t\t\t\t\t\t\t\t\t\t\t\t\t\t\t\t\t\t\t<td class=\"wd-table-cell elementor-repeater-item-67664ae\" colspan=\"1\" rowspan=\"1\">\n\t\t\t\t\t\t\t<strong>Certificats :<\/strong>\t\t\t\t\t\t\t<\/td>\n\t\t\t\t\t\t\t\t\t\t\t\t\t\t\t\t\t\t\t\t\t\t\t\t<td class=\"wd-table-cell elementor-repeater-item-d61c13e\" colspan=\"1\" rowspan=\"1\">\n\t\t\t\t\t\t\t<p>CE<\/p>\t\t\t\t\t\t\t<\/td>\n\t\t\t\t\t\t\t\t\t\t\t\t\t\t\t\t<\/tr>\n\t\t\t\t<\/tbody>\n\t\t\t<\/table>\n\t\t<\/div>\n\t\t\t\t\t\t<\/div>\n\t\t\t\t<\/div>\n\t\t\t\t\t<\/div>\n\t\t\t\t<\/div>\n\t\t\t\t<\/div>","protected":false},"excerpt":{"rendered":"<p><strong>MINOVA PRO W03 est un coupeur professionnel de laine min\u00e9rale et de mousse PUR\/PIR.<\/strong> sous la forme d'une scie \u00e0 isolation \u00e0 deux lames sans fil, con\u00e7ue pour une coupe rapide des mat\u00e9riaux d'isolation thermique avec la possibilit\u00e9 de travailler sous diff\u00e9rents angles.<\/p>\n<p class=\"mobile-hide\"><strong>\u2713 Alimentation sans fil 18V \u2713 Lames doubles \u2713 Coupe de laine min\u00e9rale, PIR et PUR \u2713 Vitesse jusqu'\u00e0 3000 mouvements\/min.\u00a0<\/strong><\/p>\n<div id=\"simple-translate\" class=\"simple-translate-system-theme\">\n<div>\n<div class=\"simple-translate-button isShow\" style=\"background-image: url('moz-extension:\/\/f6d3e1ae-e0ad-4cec-b66f-30252c6a0408\/icons\/512.png'); height: 22px; width: 22px; top: 35px; left: 182px;\"><\/div>\n<div class=\"simple-translate-panel\" style=\"width: 300px; height: 200px; top: 0px; left: 0px; font-size: 13px;\">\n<div class=\"simple-translate-result-wrapper\" style=\"overflow: hidden;\">\n<div class=\"simple-translate-move\" draggable=\"true\"><\/div>\n<div class=\"simple-translate-result-contents\">\n<p class=\"simple-translate-result\" dir=\"auto\">\n<p class=\"simple-translate-candidate\" dir=\"auto\">\n<\/div>\n<\/div>\n<\/div>\n<\/div>\n<\/div>","protected":false},"featured_media":3106,"comment_status":"open","ping_status":"closed","template":"","meta":{"_acf_changed":false},"product_brand":[],"product_cat":[76,87],"product_tag":[77],"class_list":{"0":"post-3094","1":"product","2":"type-product","3":"status-publish","4":"has-post-thumbnail","6":"product_cat-noze-do-welny","7":"product_cat-ciecie-welny-i-pianek-pir-pur","8":"product_tag-test","9":"product_shipping_class-gabaryt-duzy","11":"first","12":"instock","13":"sale","14":"taxable","15":"shipping-taxable","16":"purchasable","17":"product-type-simple"},"acf":[],"_links":{"self":[{"href":"https:\/\/pro-cut.pl\/fr\/wp-json\/wp\/v2\/product\/3094","targetHints":{"allow":["GET"]}}],"collection":[{"href":"https:\/\/pro-cut.pl\/fr\/wp-json\/wp\/v2\/product"}],"about":[{"href":"https:\/\/pro-cut.pl\/fr\/wp-json\/wp\/v2\/types\/product"}],"replies":[{"embeddable":true,"href":"https:\/\/pro-cut.pl\/fr\/wp-json\/wp\/v2\/comments?post=3094"}],"version-history":[{"count":23,"href":"https:\/\/pro-cut.pl\/fr\/wp-json\/wp\/v2\/product\/3094\/revisions"}],"predecessor-version":[{"id":3963,"href":"https:\/\/pro-cut.pl\/fr\/wp-json\/wp\/v2\/product\/3094\/revisions\/3963"}],"wp:featuredmedia":[{"embeddable":true,"href":"https:\/\/pro-cut.pl\/fr\/wp-json\/wp\/v2\/media\/3106"}],"wp:attachment":[{"href":"https:\/\/pro-cut.pl\/fr\/wp-json\/wp\/v2\/media?parent=3094"}],"wp:term":[{"taxonomy":"product_brand","embeddable":true,"href":"https:\/\/pro-cut.pl\/fr\/wp-json\/wp\/v2\/product_brand?post=3094"},{"taxonomy":"product_cat","embeddable":true,"href":"https:\/\/pro-cut.pl\/fr\/wp-json\/wp\/v2\/product_cat?post=3094"},{"taxonomy":"product_tag","embeddable":true,"href":"https:\/\/pro-cut.pl\/fr\/wp-json\/wp\/v2\/product_tag?post=3094"}],"curies":[{"name":"wp","href":"https:\/\/api.w.org\/{rel}","templated":true}]}}