{"id":3213,"date":"2025-11-30T20:10:40","date_gmt":"2025-11-30T18:10:40","guid":{"rendered":"https:\/\/pro-cut.pl\/?post_type=product&#038;p=3213"},"modified":"2026-04-30T15:39:16","modified_gmt":"2026-04-30T13:39:16","slug":"zacieraczka-szlifierka-do-styropianu-i-tynkow-procut-te-22s-230v","status":"publish","type":"product","link":"https:\/\/pro-cut.pl\/ro\/product-2\/zacieraczka-szlifierka-do-styropianu-i-tynkow-procut-te-22s-230v\/","title":{"rendered":"Zacieraczka, szlifierka do styropianu i tynk\u00f3w Procut TE-22S (Sieciowa 230V)"},"content":{"rendered":"<div data-elementor-type=\"wp-post\" data-elementor-id=\"3213\" class=\"elementor elementor-3213\" data-elementor-post-type=\"product\">\n\t\t\t\t<div class=\"wd-negative-gap elementor-element elementor-element-b82c840 elementor-hidden-desktop elementor-hidden-tablet elementor-hidden-mobile e-flex e-con-boxed e-con e-parent\" data-id=\"b82c840\" data-element_type=\"container\" data-e-type=\"container\">\n\t\t\t\t\t<div class=\"e-con-inner\">\n\t\t\t\t<div class=\"elementor-element elementor-element-46ec33f elementor-widget elementor-widget-heading\" data-id=\"46ec33f\" data-element_type=\"widget\" data-e-type=\"widget\" data-widget_type=\"heading.default\">\n\t\t\t\t<div class=\"elementor-widget-container\">\n\t\t\t\t\t<h3 class=\"elementor-heading-title elementor-size-default\">Profesjonalna n\u00f3\u017c do we\u0142ny MINOVA PRO 003B<\/h3>\t\t\t\t<\/div>\n\t\t\t\t<\/div>\n\t\t\t\t<div class=\"elementor-element elementor-element-44bf66e elementor-widget elementor-widget-wd_text_block\" data-id=\"44bf66e\" data-element_type=\"widget\" data-e-type=\"widget\" data-widget_type=\"wd_text_block.default\">\n\t\t\t\t<div class=\"elementor-widget-container\">\n\t\t\t\t\t\t\t<div class=\"wd-text-block reset-last-child text-left\">\n\t\t\t\n\t\t\t<p>Introducere <strong data-start=\"252\" data-end=\"296\">profesjonalny n\u00f3\u017c do we\u0142ny MINOVA PRO 003B<\/strong>\u00a0- instrument alimentat cu baterii conceput pentru echipele de izola\u021bie \u0219i instalatori care doresc s\u0103 <strong data-start=\"385\" data-end=\"430\">t\u0103iere rapid\u0103, uniform\u0103 \u0219i reproductibil\u0103<\/strong> vat\u0103 mineral\u0103 \u0219i izola\u021bie PIR\/PUR. Datorit\u0103 <strong data-start=\"478\" data-end=\"499\">lame duble<\/strong>, <strong data-start=\"501\" data-end=\"530\">motor f\u0103r\u0103 perii<\/strong> \u0219i sursa de alimentare <strong data-start=\"543\" data-end=\"550\">18V<\/strong>, MINOVA PRO 003B este perfect pentru \u0219antierele de construc\u021bii unde viteza \u0219i controlul conteaz\u0103.<\/p>\n\t\t\t\t\t<\/div>\n\t\t\t\t\t\t<\/div>\n\t\t\t\t<\/div>\n\t\t\t\t\t<\/div>\n\t\t\t\t<\/div>\n\t\t<div class=\"elementor-element elementor-element-ea45ccb elementor-hidden-desktop elementor-hidden-tablet elementor-hidden-mobile e-flex e-con-boxed e-con e-parent\" data-id=\"ea45ccb\" data-element_type=\"container\" data-e-type=\"container\">\n\t\t\t\t\t<div class=\"e-con-inner\">\n\t\t<div class=\"elementor-element elementor-element-0f3f125 e-con-full e-flex e-con e-child\" data-id=\"0f3f125\" data-element_type=\"container\" data-e-type=\"container\">\n\t\t\t\t<div class=\"elementor-element elementor-element-b16a5d1 elementor-widget elementor-widget-heading\" data-id=\"b16a5d1\" data-element_type=\"widget\" data-e-type=\"widget\" data-widget_type=\"heading.default\">\n\t\t\t\t<div class=\"elementor-widget-container\">\n\t\t\t\t\t<h3 class=\"elementor-heading-title elementor-size-default\">\u2705 Ce poate fi t\u0103iat - t\u0103ietor de vat\u0103 \/ t\u0103ietor de vat\u0103 mineral\u0103 \/ t\u0103ietor de spum\u0103 PUR<\/h3>\t\t\t\t<\/div>\n\t\t\t\t<\/div>\n\t\t\t\t<div class=\"elementor-element elementor-element-ef125c5 elementor-widget elementor-widget-wd_text_block\" data-id=\"ef125c5\" data-element_type=\"widget\" data-e-type=\"widget\" data-widget_type=\"wd_text_block.default\">\n\t\t\t\t<div class=\"elementor-widget-container\">\n\t\t\t\t\t\t\t<div class=\"wd-text-block reset-last-child text-left\">\n\t\t\t\n\t\t\t<p>Cu\u021bitul MINOVA PRO 003W face fa\u021b\u0103 unei game largi de materiale izolante:<\/p><ul><li><strong>vat\u0103 mineral\u0103 (sticl\u0103 \u0219i roc\u0103)<\/strong><\/li><li><strong>Spume PIR \u0219i PUR<\/strong><\/li><li><strong>spume izolante \u0219i termoizolante<\/strong><\/li><li><strong>panouri din fibr\u0103 de lemn<\/strong><\/li><li><strong>panouri din spum\u0103 de sticl\u0103 \u0219i fibre naturale<\/strong><\/li><li>panouri de izolare acustic\u0103 \u0219i termic\u0103 cu densit\u0103\u021bi diferite<\/li><\/ul><p>Acesta este un instrument versatil pentru t\u0103ierea materialelor termice \u0219i acustice utilizate \u00een izola\u021bii, construc\u021bii \u0219i instala\u021bii.<\/p>\n\t\t\t\t\t<\/div>\n\t\t\t\t\t\t<\/div>\n\t\t\t\t<\/div>\n\t\t\t\t<\/div>\n\t\t<div class=\"elementor-element elementor-element-f4f7c1e e-con-full e-flex e-con e-child\" data-id=\"f4f7c1e\" data-element_type=\"container\" data-e-type=\"container\">\n\t\t\t\t<div class=\"elementor-element elementor-element-eeeaa80 elementor-widget elementor-widget-wd_image_or_svg\" data-id=\"eeeaa80\" data-element_type=\"widget\" data-e-type=\"widget\" data-widget_type=\"wd_image_or_svg.default\">\n\t\t\t\t<div class=\"elementor-widget-container\">\n\t\t\t\t\t\n\t\t<div class=\"wd-image text-left\">\n\t\t\t\t\t\t\t\t<img fetchpriority=\"high\" decoding=\"async\" width=\"1200\" height=\"825\" src=\"https:\/\/pro-cut.pl\/wp-content\/uploads\/2025\/12\/ciecie-materialy-1200.jpg\" class=\"attachment-full size-full\" alt=\"\" srcset=\"https:\/\/pro-cut.pl\/wp-content\/uploads\/2025\/12\/ciecie-materialy-1200.jpg 1200w, https:\/\/pro-cut.pl\/wp-content\/uploads\/2025\/12\/ciecie-materialy-1200-300x206.jpg 300w, https:\/\/pro-cut.pl\/wp-content\/uploads\/2025\/12\/ciecie-materialy-1200-1024x704.jpg 1024w, https:\/\/pro-cut.pl\/wp-content\/uploads\/2025\/12\/ciecie-materialy-1200-768x528.jpg 768w, https:\/\/pro-cut.pl\/wp-content\/uploads\/2025\/12\/ciecie-materialy-1200-18x12.jpg 18w, https:\/\/pro-cut.pl\/wp-content\/uploads\/2025\/12\/ciecie-materialy-1200-150x103.jpg 150w\" sizes=\"(max-width: 1200px) 100vw, 1200px\" title=\"\">\t\t\t\t\t<\/div>\n\n\t\t\t\t\t\t<\/div>\n\t\t\t\t<\/div>\n\t\t\t\t<\/div>\n\t\t\t\t\t<\/div>\n\t\t\t\t<\/div>\n\t\t<div class=\"elementor-element elementor-element-4235d0c elementor-hidden-desktop elementor-hidden-tablet elementor-hidden-mobile e-flex e-con-boxed e-con e-parent\" data-id=\"4235d0c\" data-element_type=\"container\" data-e-type=\"container\">\n\t\t\t\t\t<div class=\"e-con-inner\">\n\t\t<div class=\"elementor-element elementor-element-8136585 e-con-full e-flex e-con e-child\" data-id=\"8136585\" data-element_type=\"container\" data-e-type=\"container\">\n\t\t\t\t<div class=\"elementor-element elementor-element-35980f1 elementor-widget elementor-widget-heading\" data-id=\"35980f1\" data-element_type=\"widget\" data-e-type=\"widget\" data-widget_type=\"heading.default\">\n\t\t\t\t<div class=\"elementor-widget-container\">\n\t\t\t\t\t<h3 class=\"elementor-heading-title elementor-size-default\">\u2705 Lame duble - mai rapide \u0219i cu mai pu\u021bine vibra\u021bii<\/h3>\t\t\t\t<\/div>\n\t\t\t\t<\/div>\n\t\t\t\t<div class=\"elementor-element elementor-element-8e49209 elementor-widget elementor-widget-wd_text_block\" data-id=\"8e49209\" data-element_type=\"widget\" data-e-type=\"widget\" data-widget_type=\"wd_text_block.default\">\n\t\t\t\t<div class=\"elementor-widget-container\">\n\t\t\t\t\t\t\t<div class=\"wd-text-block reset-last-child text-left\">\n\t\t\t\n\t\t\t<p>MINOVA PRO 003B este echipat cu <strong>sistem de lam\u0103 cu dou\u0103 fe\u021be<\/strong> - ondulate \u0219i t\u0103iate - permi\u021b\u00e2nd adaptarea optim\u0103 a sculei de t\u0103iere la structura materialului:<\/p><ul><li><strong>lame ondulate<\/strong> - cel mai bun pentru materiale moi \u0219i fibroase (vat\u0103 mineral\u0103, pl\u0103ci din fibre), reduce ruperea fibrelor, \u00eembun\u0103t\u0103\u021bind calitatea t\u0103ierii,<\/li><li><strong>lamele de fer\u0103str\u0103u<\/strong> - eficient \u00een izola\u021bii PIR\/PUR mai dure \u0219i materiale mai compacte, oferind <strong>margine curat\u0103 \u0219i uniform\u0103.<\/strong><\/li><\/ul><p>Un astfel de sistem permite ca o singur\u0103 unealt\u0103 s\u0103 fie utilizat\u0103 pentru diferite sarcini de t\u0103iere a izola\u021biei, f\u0103r\u0103 a fi necesar\u0103 schimbarea \u00eentregului fer\u0103str\u0103u.<\/p>\n\t\t\t\t\t<\/div>\n\t\t\t\t\t\t<\/div>\n\t\t\t\t<\/div>\n\t\t\t\t<\/div>\n\t\t<div class=\"elementor-element elementor-element-6f092ec e-con-full e-flex e-con e-child\" data-id=\"6f092ec\" data-element_type=\"container\" data-e-type=\"container\">\n\t\t\t\t<div class=\"elementor-element elementor-element-0579973 elementor-widget elementor-widget-wd_image_or_svg\" data-id=\"0579973\" data-element_type=\"widget\" data-e-type=\"widget\" data-widget_type=\"wd_image_or_svg.default\">\n\t\t\t\t<div class=\"elementor-widget-container\">\n\t\t\t\t\t\n\t\t<div class=\"wd-image text-left\">\n\t\t\t\t\t\t\t\t<img decoding=\"async\" width=\"2000\" height=\"2000\" src=\"https:\/\/pro-cut.pl\/wp-content\/uploads\/2025\/12\/main.jpg\" class=\"attachment-full size-full\" alt=\"\" srcset=\"https:\/\/pro-cut.pl\/wp-content\/uploads\/2025\/12\/main.jpg 2000w, https:\/\/pro-cut.pl\/wp-content\/uploads\/2025\/12\/main-300x300.jpg 300w, https:\/\/pro-cut.pl\/wp-content\/uploads\/2025\/12\/main-1024x1024.jpg 1024w, https:\/\/pro-cut.pl\/wp-content\/uploads\/2025\/12\/main-150x150.jpg 150w, https:\/\/pro-cut.pl\/wp-content\/uploads\/2025\/12\/main-768x768.jpg 768w, https:\/\/pro-cut.pl\/wp-content\/uploads\/2025\/12\/main-1536x1536.jpg 1536w, https:\/\/pro-cut.pl\/wp-content\/uploads\/2025\/12\/main-12x12.jpg 12w, https:\/\/pro-cut.pl\/wp-content\/uploads\/2025\/12\/main-600x600.jpg 600w, https:\/\/pro-cut.pl\/wp-content\/uploads\/2025\/12\/main-1200x1200.jpg 1200w\" sizes=\"(max-width: 2000px) 100vw, 2000px\" title=\"\">\t\t\t\t\t<\/div>\n\n\t\t\t\t\t\t<\/div>\n\t\t\t\t<\/div>\n\t\t\t\t<\/div>\n\t\t\t\t\t<\/div>\n\t\t\t\t<\/div>\n\t\t<div class=\"elementor-element elementor-element-b1b61d5 elementor-hidden-desktop elementor-hidden-tablet elementor-hidden-mobile e-flex e-con-boxed e-con e-parent\" data-id=\"b1b61d5\" data-element_type=\"container\" data-e-type=\"container\">\n\t\t\t\t\t<div class=\"e-con-inner\">\n\t\t<div class=\"elementor-element elementor-element-5c1469b e-con-full e-flex e-con e-child\" data-id=\"5c1469b\" data-element_type=\"container\" data-e-type=\"container\">\n\t\t\t\t<div class=\"elementor-element elementor-element-6375e18 elementor-widget elementor-widget-heading\" data-id=\"6375e18\" data-element_type=\"widget\" data-e-type=\"widget\" data-widget_type=\"heading.default\">\n\t\t\t\t<div class=\"elementor-widget-container\">\n\t\t\t\t\t<h3 class=\"elementor-heading-title elementor-size-default\">\u2705 Vitez\u0103 mare a cursei<\/h3>\t\t\t\t<\/div>\n\t\t\t\t<\/div>\n\t\t\t\t<div class=\"elementor-element elementor-element-7a3cc12 elementor-widget elementor-widget-wd_text_block\" data-id=\"7a3cc12\" data-element_type=\"widget\" data-e-type=\"widget\" data-widget_type=\"wd_text_block.default\">\n\t\t\t\t<div class=\"elementor-widget-container\">\n\t\t\t\t\t\t\t<div class=\"wd-text-block reset-last-child text-left\">\n\t\t\t\n\t\t\t<p>Marca MINOVA \u00ee\u0219i proiecteaz\u0103 fer\u0103straiele pentru a atinge viteze de lucru ridicate - \u00een cazul modelelor de acest tip, p\u00e2n\u0103 la aprox. <b>2800-3000 mi\u0219c\u0103ri pe minut<\/b>, co:<\/p><ul><li>reduce timpul necesar pentru t\u0103ierea pl\u0103cilor izolante mari,<\/li><li>minimizeaz\u0103 rezisten\u021ba materialului,<\/li><li>\u00eembun\u0103t\u0103\u021be\u0219te fine\u021bea marginilor \u0219i cre\u0219te eficien\u021ba.<\/li><\/ul>\n\t\t\t\t\t<\/div>\n\t\t\t\t\t\t<\/div>\n\t\t\t\t<\/div>\n\t\t\t\t<\/div>\n\t\t<div class=\"elementor-element elementor-element-e4b49f8 e-con-full e-flex e-con e-child\" data-id=\"e4b49f8\" data-element_type=\"container\" data-e-type=\"container\">\n\t\t\t\t<div class=\"elementor-element elementor-element-e6d710f elementor-widget elementor-widget-wd_image_or_svg\" data-id=\"e6d710f\" data-element_type=\"widget\" data-e-type=\"widget\" data-widget_type=\"wd_image_or_svg.default\">\n\t\t\t\t<div class=\"elementor-widget-container\">\n\t\t\t\t\t\n\t\t<div class=\"wd-image text-left\">\n\t\t\t\t\t\t\t\t<img decoding=\"async\" width=\"1600\" height=\"1600\" src=\"https:\/\/pro-cut.pl\/wp-content\/uploads\/2025\/12\/prezka-welna-4-1600.jpg\" class=\"attachment-full size-full\" alt=\"\" srcset=\"https:\/\/pro-cut.pl\/wp-content\/uploads\/2025\/12\/prezka-welna-4-1600.jpg 1600w, https:\/\/pro-cut.pl\/wp-content\/uploads\/2025\/12\/prezka-welna-4-1600-300x300.jpg 300w, https:\/\/pro-cut.pl\/wp-content\/uploads\/2025\/12\/prezka-welna-4-1600-1024x1024.jpg 1024w, https:\/\/pro-cut.pl\/wp-content\/uploads\/2025\/12\/prezka-welna-4-1600-150x150.jpg 150w, https:\/\/pro-cut.pl\/wp-content\/uploads\/2025\/12\/prezka-welna-4-1600-768x768.jpg 768w, https:\/\/pro-cut.pl\/wp-content\/uploads\/2025\/12\/prezka-welna-4-1600-1536x1536.jpg 1536w, https:\/\/pro-cut.pl\/wp-content\/uploads\/2025\/12\/prezka-welna-4-1600-12x12.jpg 12w, https:\/\/pro-cut.pl\/wp-content\/uploads\/2025\/12\/prezka-welna-4-1600-600x600.jpg 600w, https:\/\/pro-cut.pl\/wp-content\/uploads\/2025\/12\/prezka-welna-4-1600-1200x1200.jpg 1200w\" sizes=\"(max-width: 1600px) 100vw, 1600px\" title=\"\">\t\t\t\t\t<\/div>\n\n\t\t\t\t\t\t<\/div>\n\t\t\t\t<\/div>\n\t\t\t\t<\/div>\n\t\t\t\t\t<\/div>\n\t\t\t\t<\/div>\n\t\t<div class=\"elementor-element elementor-element-3aeb2cf elementor-hidden-desktop elementor-hidden-tablet elementor-hidden-mobile e-flex e-con-boxed e-con e-parent\" data-id=\"3aeb2cf\" data-element_type=\"container\" data-e-type=\"container\">\n\t\t\t\t\t<div class=\"e-con-inner\">\n\t\t<div class=\"elementor-element elementor-element-3a83330 e-con-full e-flex e-con e-child\" data-id=\"3a83330\" data-element_type=\"container\" data-e-type=\"container\">\n\t\t\t\t<div class=\"elementor-element elementor-element-1a556e3 elementor-widget elementor-widget-heading\" data-id=\"1a556e3\" data-element_type=\"widget\" data-e-type=\"widget\" data-widget_type=\"heading.default\">\n\t\t\t\t<div class=\"elementor-widget-container\">\n\t\t\t\t\t<h3 class=\"elementor-heading-title elementor-size-default\">\u2705 Reglarea unghiului 45-135\u00b0 - adaptarea la situa\u021bie<\/h3>\t\t\t\t<\/div>\n\t\t\t\t<\/div>\n\t\t\t\t<div class=\"elementor-element elementor-element-724e80a elementor-widget elementor-widget-wd_text_block\" data-id=\"724e80a\" data-element_type=\"widget\" data-e-type=\"widget\" data-widget_type=\"wd_text_block.default\">\n\t\t\t\t<div class=\"elementor-widget-container\">\n\t\t\t\t\t\t\t<div class=\"wd-text-block reset-last-child text-left\">\n\t\t\t\n\t\t\t<p>Unghi de t\u0103iere reglabil <strong>45-135\u00b0<\/strong> faciliteaz\u0103 lucrul \u00een col\u021buri, la margini, pe schele \u0219i oriunde nu ave\u021bi acces ideal \u201edirect\u201d.<\/p>\n\t\t\t\t\t<\/div>\n\t\t\t\t\t\t<\/div>\n\t\t\t\t<\/div>\n\t\t\t\t<\/div>\n\t\t<div class=\"elementor-element elementor-element-255d169 e-con-full e-flex e-con e-child\" data-id=\"255d169\" data-element_type=\"container\" data-e-type=\"container\">\n\t\t\t\t<div class=\"elementor-element elementor-element-f0cc314 elementor-widget elementor-widget-wd_image_or_svg\" data-id=\"f0cc314\" data-element_type=\"widget\" data-e-type=\"widget\" data-widget_type=\"wd_image_or_svg.default\">\n\t\t\t\t<div class=\"elementor-widget-container\">\n\t\t\t\t\t\n\t\t<div class=\"wd-image text-left\">\n\t\t\t\t\t\t\t\t<img loading=\"lazy\" decoding=\"async\" width=\"1600\" height=\"1600\" src=\"https:\/\/pro-cut.pl\/wp-content\/uploads\/2025\/12\/prezka-welna-3-1600.jpg\" class=\"attachment-full size-full\" alt=\"\" srcset=\"https:\/\/pro-cut.pl\/wp-content\/uploads\/2025\/12\/prezka-welna-3-1600.jpg 1600w, https:\/\/pro-cut.pl\/wp-content\/uploads\/2025\/12\/prezka-welna-3-1600-300x300.jpg 300w, https:\/\/pro-cut.pl\/wp-content\/uploads\/2025\/12\/prezka-welna-3-1600-1024x1024.jpg 1024w, https:\/\/pro-cut.pl\/wp-content\/uploads\/2025\/12\/prezka-welna-3-1600-150x150.jpg 150w, https:\/\/pro-cut.pl\/wp-content\/uploads\/2025\/12\/prezka-welna-3-1600-768x768.jpg 768w, https:\/\/pro-cut.pl\/wp-content\/uploads\/2025\/12\/prezka-welna-3-1600-1536x1536.jpg 1536w, https:\/\/pro-cut.pl\/wp-content\/uploads\/2025\/12\/prezka-welna-3-1600-12x12.jpg 12w, https:\/\/pro-cut.pl\/wp-content\/uploads\/2025\/12\/prezka-welna-3-1600-600x600.jpg 600w, https:\/\/pro-cut.pl\/wp-content\/uploads\/2025\/12\/prezka-welna-3-1600-1200x1200.jpg 1200w\" sizes=\"(max-width: 1600px) 100vw, 1600px\" title=\"\">\t\t\t\t\t<\/div>\n\n\t\t\t\t\t\t<\/div>\n\t\t\t\t<\/div>\n\t\t\t\t<\/div>\n\t\t\t\t\t<\/div>\n\t\t\t\t<\/div>\n\t\t<div class=\"elementor-element elementor-element-f27ded3 elementor-hidden-desktop elementor-hidden-tablet elementor-hidden-mobile e-flex e-con-boxed e-con e-parent\" data-id=\"f27ded3\" data-element_type=\"container\" data-e-type=\"container\">\n\t\t\t\t\t<div class=\"e-con-inner\">\n\t\t<div class=\"elementor-element elementor-element-8a9c6a9 e-con-full e-flex e-con e-child\" data-id=\"8a9c6a9\" data-element_type=\"container\" data-e-type=\"container\">\n\t\t\t\t<div class=\"elementor-element elementor-element-9b15b5c elementor-widget elementor-widget-heading\" data-id=\"9b15b5c\" data-element_type=\"widget\" data-e-type=\"widget\" data-widget_type=\"heading.default\">\n\t\t\t\t<div class=\"elementor-widget-container\">\n\t\t\t\t\t<h3 class=\"elementor-heading-title elementor-size-default\">\u2705 F\u0103r\u0103 perii + 18V - putere stabil\u0103 f\u0103r\u0103 cablu<\/h3>\t\t\t\t<\/div>\n\t\t\t\t<\/div>\n\t\t\t\t<div class=\"elementor-element elementor-element-77af08c elementor-widget elementor-widget-wd_text_block\" data-id=\"77af08c\" data-element_type=\"widget\" data-e-type=\"widget\" data-widget_type=\"wd_text_block.default\">\n\t\t\t\t<div class=\"elementor-widget-container\">\n\t\t\t\t\t\t\t<div class=\"wd-text-block reset-last-child text-left\">\n\t\t\t\n\t\t\t<p><strong>Motor f\u0103r\u0103 perii \u0219i surs\u0103 de alimentare de 18V (4.0Ah)<\/strong> asigur\u0103 func\u021bionarea stabil\u0103 \u0219i puternic\u0103 a uneltei f\u0103r\u0103 fir, rezult\u00e2nd o vitez\u0103 de t\u0103iere uniform\u0103 \u0219i o performan\u021b\u0103 ridicat\u0103 atunci c\u00e2nd lucra\u021bi cu vat\u0103 mineral\u0103 \u0219i izola\u021bie PIR\/PUR.<\/p><p><strong>Compatibil cu sistemele de baterii populare<\/strong> - n\u00f3\u017c MINOVA PRO 003B mo\u017ce by\u0107 zasilany akumulatorami 18V poprzez adaptery do system\u00f3w Makita, DeWalt, Milwaukee oraz Bosch. Dzi\u0119ki temu mo\u017cesz korzysta\u0107 z posiadanych baterii, bez konieczno\u015bci inwestowania w osobny ekosystem akumulatorowy.<\/p>\n\t\t\t\t\t<\/div>\n\t\t\t\t\t\t<\/div>\n\t\t\t\t<\/div>\n\t\t\t\t<\/div>\n\t\t<div class=\"elementor-element elementor-element-052c69d e-con-full e-flex e-con e-child\" data-id=\"052c69d\" data-element_type=\"container\" data-e-type=\"container\">\n\t\t\t\t<div class=\"elementor-element elementor-element-c2b67f6 elementor-widget elementor-widget-wd_image_or_svg\" data-id=\"c2b67f6\" data-element_type=\"widget\" data-e-type=\"widget\" data-widget_type=\"wd_image_or_svg.default\">\n\t\t\t\t<div class=\"elementor-widget-container\">\n\t\t\t\t\t\n\t\t<div class=\"wd-image text-left\">\n\t\t\t\t\t\t\t\t<img loading=\"lazy\" decoding=\"async\" width=\"1600\" height=\"1600\" src=\"https:\/\/pro-cut.pl\/wp-content\/uploads\/2025\/12\/prezka-welna-2-1600.jpg\" class=\"attachment-full size-full\" alt=\"\" srcset=\"https:\/\/pro-cut.pl\/wp-content\/uploads\/2025\/12\/prezka-welna-2-1600.jpg 1600w, https:\/\/pro-cut.pl\/wp-content\/uploads\/2025\/12\/prezka-welna-2-1600-300x300.jpg 300w, https:\/\/pro-cut.pl\/wp-content\/uploads\/2025\/12\/prezka-welna-2-1600-1024x1024.jpg 1024w, https:\/\/pro-cut.pl\/wp-content\/uploads\/2025\/12\/prezka-welna-2-1600-150x150.jpg 150w, https:\/\/pro-cut.pl\/wp-content\/uploads\/2025\/12\/prezka-welna-2-1600-768x768.jpg 768w, https:\/\/pro-cut.pl\/wp-content\/uploads\/2025\/12\/prezka-welna-2-1600-1536x1536.jpg 1536w, https:\/\/pro-cut.pl\/wp-content\/uploads\/2025\/12\/prezka-welna-2-1600-12x12.jpg 12w, https:\/\/pro-cut.pl\/wp-content\/uploads\/2025\/12\/prezka-welna-2-1600-600x600.jpg 600w, https:\/\/pro-cut.pl\/wp-content\/uploads\/2025\/12\/prezka-welna-2-1600-1200x1200.jpg 1200w\" sizes=\"(max-width: 1600px) 100vw, 1600px\" title=\"\">\t\t\t\t\t<\/div>\n\n\t\t\t\t\t\t<\/div>\n\t\t\t\t<\/div>\n\t\t\t\t<\/div>\n\t\t\t\t\t<\/div>\n\t\t\t\t<\/div>\n\t\t<div class=\"elementor-element elementor-element-023293a elementor-hidden-desktop elementor-hidden-tablet elementor-hidden-mobile e-flex e-con-boxed e-con e-parent\" data-id=\"023293a\" data-element_type=\"container\" data-e-type=\"container\">\n\t\t\t\t\t<div class=\"e-con-inner\">\n\t\t<div class=\"elementor-element elementor-element-a9fa9d6 e-con-full e-flex e-con e-child\" data-id=\"a9fa9d6\" data-element_type=\"container\" data-e-type=\"container\">\n\t\t\t\t<div class=\"elementor-element elementor-element-c637d34 elementor-widget elementor-widget-heading\" data-id=\"c637d34\" data-element_type=\"widget\" data-e-type=\"widget\" data-widget_type=\"heading.default\">\n\t\t\t\t<div class=\"elementor-widget-container\">\n\t\t\t\t\t<h3 class=\"elementor-heading-title elementor-size-default\">\u2705 Kit de lucru complet<\/h3>\t\t\t\t<\/div>\n\t\t\t\t<\/div>\n\t\t\t\t<div class=\"elementor-element elementor-element-edf8348 elementor-widget elementor-widget-wd_text_block\" data-id=\"edf8348\" data-element_type=\"widget\" data-e-type=\"widget\" data-widget_type=\"wd_text_block.default\">\n\t\t\t\t<div class=\"elementor-widget-container\">\n\t\t\t\t\t\t\t<div class=\"wd-text-block reset-last-child text-left\">\n\t\t\t\n\t\t\t<p><strong>N\u00f3\u017c akumulatorowy MINOVA MV-140W (silnik bezszczotkowy)<\/strong><\/p><p><strong>Valiza de transport MINOVA<\/strong><\/p><p><strong>Ghidaj unghi reglabil<\/strong><\/p><p><strong>Lam\u0103 de 240 mm (ad\u00e2ncime maxim\u0103 de t\u0103iere 240 mm)<\/strong><\/p><ul><li>2\u00d7 lam\u0103 din\u021bat\u0103 (t\u0103iat)<\/li><li>2\u00d7 lam\u0103 ondulat\u0103<\/li><li>1\u00d7 suport pentru lam\u0103<\/li><\/ul><p><strong>Surs\u0103 de alimentare<\/strong><\/p><ul><li>Baterie 2\u00d7 18V \/ 4.0 Ah<\/li><li>\u00eenc\u0103rc\u0103tor de baterii<\/li><\/ul>\n\t\t\t\t\t<\/div>\n\t\t\t\t\t\t<\/div>\n\t\t\t\t<\/div>\n\t\t\t\t<\/div>\n\t\t<div class=\"elementor-element elementor-element-05b5888 e-con-full e-flex e-con e-child\" data-id=\"05b5888\" data-element_type=\"container\" data-e-type=\"container\">\n\t\t\t\t<div class=\"elementor-element elementor-element-09711fc elementor-widget elementor-widget-wd_image_or_svg\" data-id=\"09711fc\" data-element_type=\"widget\" data-e-type=\"widget\" data-widget_type=\"wd_image_or_svg.default\">\n\t\t\t\t<div class=\"elementor-widget-container\">\n\t\t\t\t\t\n\t\t<div class=\"wd-image text-left\">\n\t\t\t\t\t\t\t\t<img loading=\"lazy\" decoding=\"async\" width=\"1200\" height=\"492\" src=\"https:\/\/pro-cut.pl\/wp-content\/uploads\/2025\/12\/Zestaw-poziomv2-1200.jpg\" class=\"attachment-full size-full\" alt=\"\" srcset=\"https:\/\/pro-cut.pl\/wp-content\/uploads\/2025\/12\/Zestaw-poziomv2-1200.jpg 1200w, https:\/\/pro-cut.pl\/wp-content\/uploads\/2025\/12\/Zestaw-poziomv2-1200-300x123.jpg 300w, https:\/\/pro-cut.pl\/wp-content\/uploads\/2025\/12\/Zestaw-poziomv2-1200-1024x420.jpg 1024w, https:\/\/pro-cut.pl\/wp-content\/uploads\/2025\/12\/Zestaw-poziomv2-1200-768x315.jpg 768w, https:\/\/pro-cut.pl\/wp-content\/uploads\/2025\/12\/Zestaw-poziomv2-1200-18x7.jpg 18w, https:\/\/pro-cut.pl\/wp-content\/uploads\/2025\/12\/Zestaw-poziomv2-1200-150x62.jpg 150w\" sizes=\"(max-width: 1200px) 100vw, 1200px\" title=\"\">\t\t\t\t\t<\/div>\n\n\t\t\t\t\t\t<\/div>\n\t\t\t\t<\/div>\n\t\t\t\t<div class=\"elementor-element elementor-element-43d3dce elementor-widget elementor-widget-wd_image_or_svg\" data-id=\"43d3dce\" data-element_type=\"widget\" data-e-type=\"widget\" data-widget_type=\"wd_image_or_svg.default\">\n\t\t\t\t<div class=\"elementor-widget-container\">\n\t\t\t\t\t\n\t\t<div class=\"wd-image text-left\">\n\t\t\t\t\t\t\t\t<img loading=\"lazy\" decoding=\"async\" width=\"1200\" height=\"492\" src=\"https:\/\/pro-cut.pl\/wp-content\/uploads\/2025\/12\/Uzytkowanie-poziom-1200.jpg\" class=\"attachment-full size-full\" alt=\"\" srcset=\"https:\/\/pro-cut.pl\/wp-content\/uploads\/2025\/12\/Uzytkowanie-poziom-1200.jpg 1200w, https:\/\/pro-cut.pl\/wp-content\/uploads\/2025\/12\/Uzytkowanie-poziom-1200-300x123.jpg 300w, https:\/\/pro-cut.pl\/wp-content\/uploads\/2025\/12\/Uzytkowanie-poziom-1200-1024x420.jpg 1024w, https:\/\/pro-cut.pl\/wp-content\/uploads\/2025\/12\/Uzytkowanie-poziom-1200-768x315.jpg 768w, https:\/\/pro-cut.pl\/wp-content\/uploads\/2025\/12\/Uzytkowanie-poziom-1200-18x7.jpg 18w, https:\/\/pro-cut.pl\/wp-content\/uploads\/2025\/12\/Uzytkowanie-poziom-1200-150x62.jpg 150w\" sizes=\"(max-width: 1200px) 100vw, 1200px\" title=\"\">\t\t\t\t\t<\/div>\n\n\t\t\t\t\t\t<\/div>\n\t\t\t\t<\/div>\n\t\t\t\t<\/div>\n\t\t\t\t\t<\/div>\n\t\t\t\t<\/div>\n\t\t<div class=\"elementor-element elementor-element-bb452f4 elementor-hidden-desktop elementor-hidden-tablet elementor-hidden-mobile e-flex e-con-boxed e-con e-parent\" data-id=\"bb452f4\" data-element_type=\"container\" data-e-type=\"container\">\n\t\t\t\t\t<div class=\"e-con-inner\">\n\t\t<div class=\"elementor-element elementor-element-fdb19a8 e-con-full e-flex e-con e-child\" data-id=\"fdb19a8\" data-element_type=\"container\" data-e-type=\"container\">\n\t\t\t\t<div class=\"elementor-element elementor-element-c4cadd6 elementor-widget elementor-widget-wd_image_or_svg\" data-id=\"c4cadd6\" data-element_type=\"widget\" data-e-type=\"widget\" data-widget_type=\"wd_image_or_svg.default\">\n\t\t\t\t<div class=\"elementor-widget-container\">\n\t\t\t\t\t\n\t\t<div class=\"wd-image text-left\">\n\t\t\t\t\t\t\t\t<img loading=\"lazy\" decoding=\"async\" width=\"1600\" height=\"1600\" src=\"https:\/\/pro-cut.pl\/wp-content\/uploads\/2025\/12\/H52f596ba9ab24c9e8101e1ae478a1b223-1600.jpg\" class=\"attachment-full size-full\" alt=\"\" srcset=\"https:\/\/pro-cut.pl\/wp-content\/uploads\/2025\/12\/H52f596ba9ab24c9e8101e1ae478a1b223-1600.jpg 1600w, https:\/\/pro-cut.pl\/wp-content\/uploads\/2025\/12\/H52f596ba9ab24c9e8101e1ae478a1b223-1600-300x300.jpg 300w, https:\/\/pro-cut.pl\/wp-content\/uploads\/2025\/12\/H52f596ba9ab24c9e8101e1ae478a1b223-1600-1024x1024.jpg 1024w, https:\/\/pro-cut.pl\/wp-content\/uploads\/2025\/12\/H52f596ba9ab24c9e8101e1ae478a1b223-1600-150x150.jpg 150w, https:\/\/pro-cut.pl\/wp-content\/uploads\/2025\/12\/H52f596ba9ab24c9e8101e1ae478a1b223-1600-768x768.jpg 768w, https:\/\/pro-cut.pl\/wp-content\/uploads\/2025\/12\/H52f596ba9ab24c9e8101e1ae478a1b223-1600-1536x1536.jpg 1536w, https:\/\/pro-cut.pl\/wp-content\/uploads\/2025\/12\/H52f596ba9ab24c9e8101e1ae478a1b223-1600-12x12.jpg 12w, https:\/\/pro-cut.pl\/wp-content\/uploads\/2025\/12\/H52f596ba9ab24c9e8101e1ae478a1b223-1600-600x600.jpg 600w, https:\/\/pro-cut.pl\/wp-content\/uploads\/2025\/12\/H52f596ba9ab24c9e8101e1ae478a1b223-1600-1200x1200.jpg 1200w\" sizes=\"(max-width: 1600px) 100vw, 1600px\" title=\"\">\t\t\t\t\t<\/div>\n\n\t\t\t\t\t\t<\/div>\n\t\t\t\t<\/div>\n\t\t\t\t<\/div>\n\t\t\t\t\t<\/div>\n\t\t\t\t<\/div>\n\t\t<div class=\"elementor-element elementor-element-a7e0a09 elementor-hidden-desktop elementor-hidden-tablet elementor-hidden-mobile e-flex e-con-boxed e-con e-parent\" data-id=\"a7e0a09\" data-element_type=\"container\" data-e-type=\"container\">\n\t\t\t\t\t<div class=\"e-con-inner\">\n\t\t<div class=\"elementor-element elementor-element-93114cc e-con-full e-flex e-con e-child\" data-id=\"93114cc\" data-element_type=\"container\" data-e-type=\"container\">\n\t\t\t\t<div class=\"elementor-element elementor-element-61e580a elementor-widget elementor-widget-wd_image_or_svg\" data-id=\"61e580a\" data-element_type=\"widget\" data-e-type=\"widget\" data-widget_type=\"wd_image_or_svg.default\">\n\t\t\t\t<div class=\"elementor-widget-container\">\n\t\t\t\t\t\n\t\t<div class=\"wd-image text-left\">\n\t\t\t\t\t\t\t\t<img loading=\"lazy\" decoding=\"async\" width=\"1600\" height=\"1600\" src=\"https:\/\/pro-cut.pl\/wp-content\/uploads\/2025\/12\/prezka-welna-3-1600.jpg\" class=\"attachment-full size-full\" alt=\"\" srcset=\"https:\/\/pro-cut.pl\/wp-content\/uploads\/2025\/12\/prezka-welna-3-1600.jpg 1600w, https:\/\/pro-cut.pl\/wp-content\/uploads\/2025\/12\/prezka-welna-3-1600-300x300.jpg 300w, https:\/\/pro-cut.pl\/wp-content\/uploads\/2025\/12\/prezka-welna-3-1600-1024x1024.jpg 1024w, https:\/\/pro-cut.pl\/wp-content\/uploads\/2025\/12\/prezka-welna-3-1600-150x150.jpg 150w, https:\/\/pro-cut.pl\/wp-content\/uploads\/2025\/12\/prezka-welna-3-1600-768x768.jpg 768w, https:\/\/pro-cut.pl\/wp-content\/uploads\/2025\/12\/prezka-welna-3-1600-1536x1536.jpg 1536w, https:\/\/pro-cut.pl\/wp-content\/uploads\/2025\/12\/prezka-welna-3-1600-12x12.jpg 12w, https:\/\/pro-cut.pl\/wp-content\/uploads\/2025\/12\/prezka-welna-3-1600-600x600.jpg 600w, https:\/\/pro-cut.pl\/wp-content\/uploads\/2025\/12\/prezka-welna-3-1600-1200x1200.jpg 1200w\" sizes=\"(max-width: 1600px) 100vw, 1600px\" title=\"\">\t\t\t\t\t<\/div>\n\n\t\t\t\t\t\t<\/div>\n\t\t\t\t<\/div>\n\t\t\t\t<\/div>\n\t\t<div class=\"elementor-element elementor-element-9b3762d e-con-full e-flex e-con e-child\" data-id=\"9b3762d\" data-element_type=\"container\" data-e-type=\"container\">\n\t\t\t\t<div class=\"elementor-element elementor-element-341d1f9 elementor-widget elementor-widget-wd_image_or_svg\" data-id=\"341d1f9\" data-element_type=\"widget\" data-e-type=\"widget\" data-widget_type=\"wd_image_or_svg.default\">\n\t\t\t\t<div class=\"elementor-widget-container\">\n\t\t\t\t\t\n\t\t<div class=\"wd-image text-left\">\n\t\t\t\t\t\t\t\t<img loading=\"lazy\" decoding=\"async\" width=\"1600\" height=\"1600\" src=\"https:\/\/pro-cut.pl\/wp-content\/uploads\/2025\/12\/prezka-welna-2-1600.jpg\" class=\"attachment-full size-full\" alt=\"\" srcset=\"https:\/\/pro-cut.pl\/wp-content\/uploads\/2025\/12\/prezka-welna-2-1600.jpg 1600w, https:\/\/pro-cut.pl\/wp-content\/uploads\/2025\/12\/prezka-welna-2-1600-300x300.jpg 300w, https:\/\/pro-cut.pl\/wp-content\/uploads\/2025\/12\/prezka-welna-2-1600-1024x1024.jpg 1024w, https:\/\/pro-cut.pl\/wp-content\/uploads\/2025\/12\/prezka-welna-2-1600-150x150.jpg 150w, https:\/\/pro-cut.pl\/wp-content\/uploads\/2025\/12\/prezka-welna-2-1600-768x768.jpg 768w, https:\/\/pro-cut.pl\/wp-content\/uploads\/2025\/12\/prezka-welna-2-1600-1536x1536.jpg 1536w, https:\/\/pro-cut.pl\/wp-content\/uploads\/2025\/12\/prezka-welna-2-1600-12x12.jpg 12w, https:\/\/pro-cut.pl\/wp-content\/uploads\/2025\/12\/prezka-welna-2-1600-600x600.jpg 600w, https:\/\/pro-cut.pl\/wp-content\/uploads\/2025\/12\/prezka-welna-2-1600-1200x1200.jpg 1200w\" sizes=\"(max-width: 1600px) 100vw, 1600px\" title=\"\">\t\t\t\t\t<\/div>\n\n\t\t\t\t\t\t<\/div>\n\t\t\t\t<\/div>\n\t\t\t\t<\/div>\n\t\t\t\t\t<\/div>\n\t\t\t\t<\/div>\n\t\t<div class=\"wd-negative-gap elementor-element elementor-element-e23bea0 elementor-hidden-desktop elementor-hidden-tablet elementor-hidden-mobile e-flex e-con-boxed e-con e-parent\" data-id=\"e23bea0\" data-element_type=\"container\" data-e-type=\"container\">\n\t\t\t\t\t<div class=\"e-con-inner\">\n\t\t<div class=\"elementor-element elementor-element-d753615 e-con-full e-flex e-con e-child\" data-id=\"d753615\" data-element_type=\"container\" data-e-type=\"container\">\n\t\t\t\t<div class=\"elementor-element elementor-element-f23bf43 elementor-widget elementor-widget-wd_text_block\" data-id=\"f23bf43\" data-element_type=\"widget\" data-e-type=\"widget\" data-widget_type=\"wd_text_block.default\">\n\t\t\t\t<div class=\"elementor-widget-container\">\n\t\t\t\t\t\t\t<div class=\"wd-text-block reset-last-child text-left\">\n\t\t\t\n\t\t\t\n\t\t\t\t\t<\/div>\n\t\t\t\t\t\t<\/div>\n\t\t\t\t<\/div>\n\t\t\t\t<div class=\"elementor-element elementor-element-0de08f6 elementor-widget elementor-widget-heading\" data-id=\"0de08f6\" data-element_type=\"widget\" data-e-type=\"widget\" data-widget_type=\"heading.default\">\n\t\t\t\t<div class=\"elementor-widget-container\">\n\t\t\t\t\t<h2 class=\"elementor-heading-title elementor-size-default\">Specyfikacja techniczna przecinarki Minova Pro 260W<\/h2>\t\t\t\t<\/div>\n\t\t\t\t<\/div>\n\t\t\t\t<\/div>\n\t\t\t\t<div class=\"elementor-element elementor-element-54b93b6 elementor-widget elementor-widget-wd_table\" data-id=\"54b93b6\" data-element_type=\"widget\" data-e-type=\"widget\" data-widget_type=\"wd_table.default\">\n\t\t\t\t<div class=\"elementor-widget-container\">\n\t\t\t\t\t\t\t<div class=\"wd-el-table-wrap wd-reset-all-last\">\n\t\t\t<table class=\"wd-el-table\">\n\t\t\t\t\t\t\t\t\t<thead class=\"text-left\">\n\t\t\t\t\t\t\t\t\t\t\t\t\t\t\t\t\t\t\t\t\t\t\t\t\t\t\t\t\t\t<tr class=\"wd-table-row elementor-repeater-item-7d56782\">\n\t\t\t\t\t\t\t\t\t\t\t\t\t\t\t\t\t\t\t\t\t\t\t\t\t\t\t<\/tr>\n\t\t\t\t\t<\/thead>\n\t\t\t\t\n\t\t\t\t<tbody class=\"text-left\">\n\t\t\t\t\t\t\t\t\t\t\t\t\t\t\t\t\t\t\t\t\t\t\t\t\t\t<tr class=\"wd-table-row elementor-repeater-item-b00c995\">\n\t\t\t\t\t\t\t\t\t\t\t\t\t\t\t\t\t\t\t\t\t\t\t\t\t\t\t\t\t\t\t<td class=\"wd-table-cell elementor-repeater-item-9420185\" colspan=\"1\" rowspan=\"1\">\n\t\t\t\t\t\t\t<p><strong>Model:<\/strong><\/p>\t\t\t\t\t\t\t<\/td>\n\t\t\t\t\t\t\t\t\t\t\t\t\t\t\t\t\t\t\t\t\t\t\t\t<td class=\"wd-table-cell elementor-repeater-item-38ed803\" colspan=\"1\" rowspan=\"1\">\n\t\t\t\t\t\t\t<p>MINOVA PRO 003B<\/p>\t\t\t\t\t\t\t<\/td>\n\t\t\t\t\t\t\t\t\t\t\t\t\t\t\t\t\t\t\t\t\t\t\t\t\t\t\t\t\t\t\t\t<\/tr>\n\t\t\t\t\t\t\t\t<tr class=\"wd-table-row elementor-repeater-item-cdccbfe\">\n\t\t\t\t\t\t\t\t\t\t\t\t\t\t\t\t\t\t\t\t\t\t\t\t\t\t\t\t\t\t\t<td class=\"wd-table-cell elementor-repeater-item-837e819\" colspan=\"1\" rowspan=\"1\">\n\t\t\t\t\t\t\t<p><strong>Tip unealt\u0103:<\/strong><\/p>\t\t\t\t\t\t\t<\/td>\n\t\t\t\t\t\t\t\t\t\t\t\t\t\t\t\t\t\t\t\t\t\t\t\t<td class=\"wd-table-cell elementor-repeater-item-95476fb\" colspan=\"1\" rowspan=\"1\">\n\t\t\t\t\t\t\t<p>Cutter \/ fer\u0103str\u0103u f\u0103r\u0103 fir pentru materiale izolante<\/p>\t\t\t\t\t\t\t<\/td>\n\t\t\t\t\t\t\t\t\t\t\t\t\t\t\t\t\t\t\t\t\t\t\t\t\t\t\t\t\t\t\t\t<\/tr>\n\t\t\t\t\t\t\t\t<tr class=\"wd-table-row elementor-repeater-item-2fb0920\">\n\t\t\t\t\t\t\t\t\t\t\t\t\t\t\t\t\t\t\t\t\t\t\t\t\t\t\t\t\t\t\t<td class=\"wd-table-cell elementor-repeater-item-06fb2a1\" colspan=\"1\" rowspan=\"1\">\n\t\t\t\t\t\t\t<p><strong>Cerere:<\/strong><\/p>\t\t\t\t\t\t\t<\/td>\n\t\t\t\t\t\t\t\t\t\t\t\t\t\t\t\t\t\t\t\t\t\t\t\t<td class=\"wd-table-cell elementor-repeater-item-1a760c6\" colspan=\"1\" rowspan=\"1\">\n\t\t\t\t\t\t\t<p>Vat\u0103 mineral\u0103 (roc\u0103 \u0219i sticl\u0103), PIR, PUR, materiale izolante<\/p>\t\t\t\t\t\t\t<\/td>\n\t\t\t\t\t\t\t\t\t\t\t\t\t\t\t\t\t\t\t\t\t\t\t\t\t\t\t\t\t\t\t\t<\/tr>\n\t\t\t\t\t\t\t\t<tr class=\"wd-table-row elementor-repeater-item-4f90d17\">\n\t\t\t\t\t\t\t\t\t\t\t\t\t\t\t\t\t\t\t\t\t\t\t\t\t\t\t\t\t\t\t<td class=\"wd-table-cell elementor-repeater-item-00c7e0e\" colspan=\"1\" rowspan=\"1\">\n\t\t\t\t\t\t\t<p><strong>Surs\u0103 de alimentare:<\/strong><\/p>\t\t\t\t\t\t\t<\/td>\n\t\t\t\t\t\t\t\t\t\t\t\t\t\t\t\t\t\t\t\t\t\t\t\t<td class=\"wd-table-cell elementor-repeater-item-f2d0dfa\" colspan=\"1\" rowspan=\"1\">\n\t\t\t\t\t\t\t<p>alimentat cu baterii<\/p>\t\t\t\t\t\t\t<\/td>\n\t\t\t\t\t\t\t\t\t\t\t\t\t\t\t\t\t\t\t\t\t\t\t\t\t\t\t\t\t\t\t\t<\/tr>\n\t\t\t\t\t\t\t\t<tr class=\"wd-table-row elementor-repeater-item-d834141\">\n\t\t\t\t\t\t\t\t\t\t\t\t\t\t\t\t\t\t\t\t\t\t\t\t\t\t\t\t\t\t\t<td class=\"wd-table-cell elementor-repeater-item-41c4ecd\" colspan=\"1\" rowspan=\"1\">\n\t\t\t\t\t\t\t<p><strong>Tensiune:<\/strong><\/p>\t\t\t\t\t\t\t<\/td>\n\t\t\t\t\t\t\t\t\t\t\t\t\t\t\t\t\t\t\t\t\t\t\t\t<td class=\"wd-table-cell elementor-repeater-item-91748bd\" colspan=\"1\" rowspan=\"1\">\n\t\t\t\t\t\t\t<p>18 V<\/p>\t\t\t\t\t\t\t<\/td>\n\t\t\t\t\t\t\t\t\t\t\t\t\t\t\t\t\t\t\t\t\t\t\t\t\t\t\t\t\t\t\t\t<\/tr>\n\t\t\t\t\t\t\t\t<tr class=\"wd-table-row elementor-repeater-item-0104d14\">\n\t\t\t\t\t\t\t\t\t\t\t\t\t\t\t\t\t\t\t\t\t\t\t\t\t\t\t\t\t\t\t<td class=\"wd-table-cell elementor-repeater-item-3032ed3\" colspan=\"1\" rowspan=\"1\">\n\t\t\t\t\t\t\t<p><strong>Capacitatea bateriei:<\/strong><\/p>\t\t\t\t\t\t\t<\/td>\n\t\t\t\t\t\t\t\t\t\t\t\t\t\t\t\t\t\t\t\t\t\t\t\t<td class=\"wd-table-cell elementor-repeater-item-63eeb8a\" colspan=\"1\" rowspan=\"1\">\n\t\t\t\t\t\t\t<p>4.0Ah<\/p>\t\t\t\t\t\t\t<\/td>\n\t\t\t\t\t\t\t\t\t\t\t\t\t\t\t\t\t\t\t\t\t\t\t\t\t\t\t\t\t\t\t\t<\/tr>\n\t\t\t\t\t\t\t\t<tr class=\"wd-table-row elementor-repeater-item-2b7f029\">\n\t\t\t\t\t\t\t\t\t\t\t\t\t\t\t\t\t\t\t\t\t\t\t\t\t\t\t\t\t\t\t<td class=\"wd-table-cell elementor-repeater-item-7304c80\" colspan=\"1\" rowspan=\"1\">\n\t\t\t\t\t\t\t<p><strong>Tipul motorului:<\/strong><\/p>\t\t\t\t\t\t\t<\/td>\n\t\t\t\t\t\t\t\t\t\t\t\t\t\t\t\t\t\t\t\t\t\t\t\t<td class=\"wd-table-cell elementor-repeater-item-5149656\" colspan=\"1\" rowspan=\"1\">\n\t\t\t\t\t\t\t<p>f\u0103r\u0103 perii<\/p>\t\t\t\t\t\t\t<\/td>\n\t\t\t\t\t\t\t\t\t\t\t\t\t\t\t\t\t\t\t\t\t\t\t\t\t\t\t\t\t\t\t\t<\/tr>\n\t\t\t\t\t\t\t\t<tr class=\"wd-table-row elementor-repeater-item-15a5d1b\">\n\t\t\t\t\t\t\t\t\t\t\t\t\t\t\t\t\t\t\t\t\t\t\t\t\t\t\t\t\t\t\t<td class=\"wd-table-cell elementor-repeater-item-9923940\" colspan=\"1\" rowspan=\"1\">\n\t\t\t\t\t\t\t<p><strong>Viteza cursei:<\/strong><\/p>\t\t\t\t\t\t\t<\/td>\n\t\t\t\t\t\t\t\t\t\t\t\t\t\t\t\t\t\t\t\t\t\t\t\t<td class=\"wd-table-cell elementor-repeater-item-d19762b\" colspan=\"1\" rowspan=\"1\">\n\t\t\t\t\t\t\t<p>p\u00e2n\u0103 la 2.800 mi\u0219c\u0103ri\/min.<\/p>\t\t\t\t\t\t\t<\/td>\n\t\t\t\t\t\t\t\t\t\t\t\t\t\t\t\t\t\t\t\t\t\t\t\t\t\t\t\t\t\t\t\t<\/tr>\n\t\t\t\t\t\t\t\t<tr class=\"wd-table-row elementor-repeater-item-05c6bbb\">\n\t\t\t\t\t\t\t\t\t\t\t\t\t\t\t\t\t\t\t\t\t\t\t\t\t\t\t\t\t\t\t<td class=\"wd-table-cell elementor-repeater-item-0a564ec\" colspan=\"1\" rowspan=\"1\">\n\t\t\t\t\t\t\t<p><strong>Lungimea lamei:<\/strong><\/p>\t\t\t\t\t\t\t<\/td>\n\t\t\t\t\t\t\t\t\t\t\t\t\t\t\t\t\t\t\t\t\t\t\t\t<td class=\"wd-table-cell elementor-repeater-item-699ed1c\" colspan=\"1\" rowspan=\"1\">\n\t\t\t\t\t\t\t<p>240 mm<\/p>\t\t\t\t\t\t\t<\/td>\n\t\t\t\t\t\t\t\t\t\t\t\t\t\t\t\t\t\t\t\t\t\t\t\t\t\t\t\t\t\t\t\t<\/tr>\n\t\t\t\t\t\t\t\t<tr class=\"wd-table-row elementor-repeater-item-4e7f5a2\">\n\t\t\t\t\t\t\t\t\t\t\t\t\t\t\t\t\t\t\t\t\t\t\t\t\t\t\t\t\t\t\t<td class=\"wd-table-cell elementor-repeater-item-b800f7b\" colspan=\"1\" rowspan=\"1\">\n\t\t\t\t\t\t\t<p><strong>Tip de lame:<\/strong><\/p>\t\t\t\t\t\t\t<\/td>\n\t\t\t\t\t\t\t\t\t\t\t\t\t\t\t\t\t\t\t\t\t\t\t\t<td class=\"wd-table-cell elementor-repeater-item-103d94e\" colspan=\"1\" rowspan=\"1\">\n\t\t\t\t\t\t\t<p>lamele din\u021bate (cu din\u021bi de fer\u0103str\u0103u), lamele ondulate<\/p>\t\t\t\t\t\t\t<\/td>\n\t\t\t\t\t\t\t\t\t\t\t\t\t\t\t\t\t\t\t\t\t\t\t\t\t\t\t\t\t\t\t\t<\/tr>\n\t\t\t\t\t\t\t\t<tr class=\"wd-table-row elementor-repeater-item-3f79f65\">\n\t\t\t\t\t\t\t\t\t\t\t\t\t\t\t\t\t\t\t\t\t\t\t\t\t\t\t\t\t\t\t<td class=\"wd-table-cell elementor-repeater-item-f1c2021\" colspan=\"1\" rowspan=\"1\">\n\t\t\t\t\t\t\t<p><strong>Sistem de lame:<\/strong><\/p>\t\t\t\t\t\t\t<\/td>\n\t\t\t\t\t\t\t\t\t\t\t\t\t\t\t\t\t\t\t\t\t\t\t\t<td class=\"wd-table-cell elementor-repeater-item-79e016b\" colspan=\"1\" rowspan=\"1\">\n\t\t\t\t\t\t\t<p>lame duble<\/p>\t\t\t\t\t\t\t<\/td>\n\t\t\t\t\t\t\t\t\t\t\t\t\t\t\t\t\t\t\t\t\t\t\t\t\t\t\t\t\t\t\t\t<\/tr>\n\t\t\t\t\t\t\t\t<tr class=\"wd-table-row elementor-repeater-item-9c6ffc5\">\n\t\t\t\t\t\t\t\t\t\t\t\t\t\t\t\t\t\t\t\t\t\t\t\t\t\t\t\t\t\t\t<td class=\"wd-table-cell elementor-repeater-item-1b6d92a\" colspan=\"1\" rowspan=\"1\">\n\t\t\t\t\t\t\t<p><strong>Greutate:<\/strong><\/p>\t\t\t\t\t\t\t<\/td>\n\t\t\t\t\t\t\t\t\t\t\t\t\t\t\t\t\t\t\t\t\t\t\t\t<td class=\"wd-table-cell elementor-repeater-item-5c5fecc\" colspan=\"1\" rowspan=\"1\">\n\t\t\t\t\t\t\t<p>aprox. 1,5 kg (f\u0103r\u0103 baterie)<\/p>\t\t\t\t\t\t\t<\/td>\n\t\t\t\t\t\t\t\t\t\t\t\t\t\t\t\t\t\t\t\t\t\t\t\t\t\t\t\t\t\t\t\t<\/tr>\n\t\t\t\t\t\t\t\t<tr class=\"wd-table-row elementor-repeater-item-8b2b4e6\">\n\t\t\t\t\t\t\t\t\t\t\t\t\t\t\t\t\t\t\t\t\t\t\t\t\t\t\t\t\t\t\t<td class=\"wd-table-cell elementor-repeater-item-758b9da\" colspan=\"1\" rowspan=\"1\">\n\t\t\t\t\t\t\t<p><strong>Compatibilitatea bateriei (prin adaptor):<\/strong><\/p>\t\t\t\t\t\t\t<\/td>\n\t\t\t\t\t\t\t\t\t\t\t\t\t\t\t\t\t\t\t\t\t\t\t\t<td class=\"wd-table-cell elementor-repeater-item-7ea766c\" colspan=\"1\" rowspan=\"1\">\n\t\t\t\t\t\t\t<p>Makita \/ DeWalt \/ Milwaukee \/ Bosch<\/p>\t\t\t\t\t\t\t<\/td>\n\t\t\t\t\t\t\t\t\t\t\t\t\t\t\t\t\t\t\t\t\t\t\t\t\t\t\t\t\t\t\t\t<\/tr>\n\t\t\t\t\t\t\t\t<tr class=\"wd-table-row elementor-repeater-item-3d8fbe0\">\n\t\t\t\t\t\t\t\t\t\t\t\t\t\t\t\t\t\t\t\t\t\t\t\t\t\t\t\t\t\t\t<td class=\"wd-table-cell elementor-repeater-item-67664ae\" colspan=\"1\" rowspan=\"1\">\n\t\t\t\t\t\t\t<strong>Certificate:<\/strong>\t\t\t\t\t\t\t<\/td>\n\t\t\t\t\t\t\t\t\t\t\t\t\t\t\t\t\t\t\t\t\t\t\t\t<td class=\"wd-table-cell elementor-repeater-item-d61c13e\" colspan=\"1\" rowspan=\"1\">\n\t\t\t\t\t\t\t<p>CE<\/p>\t\t\t\t\t\t\t<\/td>\n\t\t\t\t\t\t\t\t\t\t\t\t\t\t\t\t<\/tr>\n\t\t\t\t<\/tbody>\n\t\t\t<\/table>\n\t\t<\/div>\n\t\t\t\t\t\t<\/div>\n\t\t\t\t<\/div>\n\t\t\t\t\t<\/div>\n\t\t\t\t<\/div>\n\t\t\t\t<\/div>","protected":false},"excerpt":{"rendered":"<p>Niezawodna klasyka: Nieprzerwana moc sieciowa do najci\u0119\u017cszych tynk\u00f3w i ci\u0105g\u0142ej pracy<\/p>\n<p><strong>Model TE-22S to &#8222;w\u00f3\u0142 roboczy&#8221; w rodzinie narz\u0119dzi Procut<\/strong>. Dedykowana do pracy stacjonarnej i ci\u0119\u017ckich zapraw, gdzie liczy si\u0119 wysoki moment obrotowy i brak konieczno\u015bci \u0142adowania. W zestawie z latark\u0105 inspekcyjn\u0105.<\/p>\n<p><strong>\u2713 Moc 1680W \u2713 Latarka w zestawie \u2713 Praca ci\u0105g\u0142a non-stop \u2713 Wzmocniona przek\u0142adnia<\/strong><\/p>","protected":false},"featured_media":3215,"comment_status":"open","ping_status":"closed","template":"","meta":{"_acf_changed":false},"product_brand":[],"product_cat":[92,93,94],"product_tag":[77],"class_list":{"0":"post-3213","1":"product","2":"type-product","3":"status-publish","4":"has-post-thumbnail","6":"product_cat-obrobka-i-wykanczanie-elewacji","7":"product_cat-zacieraczki-do-styropianu","8":"product_cat-zacieraczki-do-tynkow","9":"product_tag-test","10":"product_shipping_class-gabaryt-maly","12":"first","13":"instock","14":"sale","15":"taxable","16":"shipping-taxable","17":"purchasable","18":"product-type-simple"},"acf":[],"_links":{"self":[{"href":"https:\/\/pro-cut.pl\/ro\/wp-json\/wp\/v2\/product\/3213","targetHints":{"allow":["GET"]}}],"collection":[{"href":"https:\/\/pro-cut.pl\/ro\/wp-json\/wp\/v2\/product"}],"about":[{"href":"https:\/\/pro-cut.pl\/ro\/wp-json\/wp\/v2\/types\/product"}],"replies":[{"embeddable":true,"href":"https:\/\/pro-cut.pl\/ro\/wp-json\/wp\/v2\/comments?post=3213"}],"version-history":[{"count":2,"href":"https:\/\/pro-cut.pl\/ro\/wp-json\/wp\/v2\/product\/3213\/revisions"}],"predecessor-version":[{"id":3765,"href":"https:\/\/pro-cut.pl\/ro\/wp-json\/wp\/v2\/product\/3213\/revisions\/3765"}],"wp:featuredmedia":[{"embeddable":true,"href":"https:\/\/pro-cut.pl\/ro\/wp-json\/wp\/v2\/media\/3215"}],"wp:attachment":[{"href":"https:\/\/pro-cut.pl\/ro\/wp-json\/wp\/v2\/media?parent=3213"}],"wp:term":[{"taxonomy":"product_brand","embeddable":true,"href":"https:\/\/pro-cut.pl\/ro\/wp-json\/wp\/v2\/product_brand?post=3213"},{"taxonomy":"product_cat","embeddable":true,"href":"https:\/\/pro-cut.pl\/ro\/wp-json\/wp\/v2\/product_cat?post=3213"},{"taxonomy":"product_tag","embeddable":true,"href":"https:\/\/pro-cut.pl\/ro\/wp-json\/wp\/v2\/product_tag?post=3213"}],"curies":[{"name":"wp","href":"https:\/\/api.w.org\/{rel}","templated":true}]}}